{"id":29532,"date":"2025-08-05T10:44:09","date_gmt":"2025-08-05T08:44:09","guid":{"rendered":"https:\/\/www.salondesmaires.com\/?page_id=29532"},"modified":"2026-03-26T17:13:21","modified_gmt":"2026-03-26T16:13:21","slug":"features","status":"publish","type":"page","link":"https:\/\/www.salondesmaires.com\/en\/exhibition\/features\/","title":{"rendered":"New features of 2026"},"content":{"rendered":"<p>[et_pb_section fb_built=&#8221;1&#8243; _builder_version=&#8221;4.20.2&#8243; _module_preset=&#8221;default&#8221; custom_margin=&#8221;0px||0px||false|false&#8221; custom_padding=&#8221;0px||0px||false|false&#8221; global_colors_info=&#8221;{}&#8221;][et_pb_row _builder_version=&#8221;4.27.4&#8243; _module_preset=&#8221;default&#8221; custom_padding=&#8221;0px||0px||false|false&#8221; global_colors_info=&#8221;{}&#8221;][et_pb_column type=&#8221;4_4&#8243; _builder_version=&#8221;4.27.4&#8243; _module_preset=&#8221;default&#8221; global_colors_info=&#8221;{}&#8221;][revslider_divi revslider_divi=&#8221;%91rev_slider alias=%22temps-forts-nouveautes-11%22 slidertitle=%22Temps forts\/ nouveaut\u00e9s EN%22%93%91\/rev_slider%93&#8243; _builder_version=&#8221;4.20.2&#8243; _module_preset=&#8221;default&#8221; global_colors_info=&#8221;{}&#8221;][\/revslider_divi][\/et_pb_column][\/et_pb_row][\/et_pb_section][et_pb_section fb_built=&#8221;1&#8243; _builder_version=&#8221;4.20.2&#8243; _module_preset=&#8221;default&#8221; background_color=&#8221;RGBA(255,255,255,0)&#8221; custom_margin=&#8221;0px||0px||false|false&#8221; custom_padding=&#8221;35px||20px||false|false&#8221; global_colors_info=&#8221;{}&#8221;][et_pb_row _builder_version=&#8221;4.20.2&#8243; _module_preset=&#8221;default&#8221; width=&#8221;90%&#8221; max_width=&#8221;1400px&#8221; custom_margin=&#8221;0px||0px||false|false&#8221; custom_padding=&#8221;0px||0px||false|false&#8221; global_colors_info=&#8221;{}&#8221;][et_pb_column type=&#8221;4_4&#8243; _builder_version=&#8221;4.20.2&#8243; _module_preset=&#8221;default&#8221; global_colors_info=&#8221;{}&#8221;][dsm_breadcrumbs home_text=&#8221;Accueil&#8221; separator_icon=&#8221;&#x39;||divi||400&#8243; separator_bg_color=&#8221;RGBA(255,255,255,0)&#8221; current_bg_color=&#8221;RGBA(255,255,255,0)&#8221; _builder_version=&#8221;4.20.2&#8243; _module_preset=&#8221;default&#8221; items_text_color=&#8221;#323232&#8243; items_font_size=&#8221;15px&#8221; home_icon_text_color=&#8221;#323232&#8243; separators_text_color=&#8221;#323232&#8243; current_text_color=&#8221;#323232&#8243; current_font_size=&#8221;15px&#8221; global_colors_info=&#8221;{}&#8221;][\/dsm_breadcrumbs][\/et_pb_column][\/et_pb_row][\/et_pb_section][et_pb_section fb_built=&#8221;1&#8243; _builder_version=&#8221;4.20.2&#8243; _module_preset=&#8221;default&#8221; background_color=&#8221;RGBA(255,255,255,0)&#8221; custom_margin=&#8221;0px||||false|false&#8221; custom_padding=&#8221;10px||10px||false|false&#8221; locked=&#8221;off&#8221; global_colors_info=&#8221;{}&#8221;][et_pb_row use_custom_gutter=&#8221;on&#8221; gutter_width=&#8221;2&#8243; _builder_version=&#8221;4.20.2&#8243; _module_preset=&#8221;default&#8221; max_width=&#8221;1400px&#8221; custom_margin=&#8221;20px||0px||false|false&#8221; custom_padding=&#8221;0px||30px||false|false&#8221; global_colors_info=&#8221;{}&#8221;][et_pb_column type=&#8221;4_4&#8243; _builder_version=&#8221;4.20.2&#8243; _module_preset=&#8221;default&#8221; custom_css_main_element=&#8221;margin:auto;&#8221; global_colors_info=&#8221;{}&#8221;][et_pb_text _builder_version=&#8221;4.20.2&#8243; _module_preset=&#8221;bc40b7fe-e3dd-454c-accd-cdafc05eed50&#8243; text_font=&#8221;||||||||&#8221; header_2_font=&#8221;Rubik|300|||||||&#8221; header_2_text_color=&#8221;#3e3f3f&#8221; header_2_font_size=&#8221;40px&#8221; custom_margin=&#8221;||20px||false|false&#8221; custom_padding=&#8221;0px||0px||false|false&#8221; animation_direction=&#8221;left&#8221; header_2_font_size_tablet=&#8221;48px&#8221; header_2_font_size_phone=&#8221;36px&#8221; header_2_font_size_last_edited=&#8221;on|phone&#8221; header_2_line_height_tablet=&#8221;1em&#8221; header_2_line_height_phone=&#8221;1em&#8221; header_2_line_height_last_edited=&#8221;on|desktop&#8221; inline_fonts=&#8221;Gotham Bold&#8221; global_colors_info=&#8221;{}&#8221;]<\/p>\n<h2><strong>New Areas <\/strong>of the 2026 edition<\/h2>\n<p>[\/et_pb_text][\/et_pb_column][\/et_pb_row][et_pb_row column_structure=&#8221;1_3,1_3,1_3&#8243; _builder_version=&#8221;4.20.2&#8243; _module_preset=&#8221;default&#8221; max_width=&#8221;1400px&#8221; global_colors_info=&#8221;{}&#8221;][et_pb_column type=&#8221;1_3&#8243; _builder_version=&#8221;4.20.2&#8243; _module_preset=&#8221;default&#8221; global_colors_info=&#8221;{}&#8221;][et_pb_image src=&#8221;https:\/\/www.salondesmaires.com\/app\/uploads\/2026\/03\/Foncier-Sol-et-Ressources-scaled.jpeg&#8221; alt=&#8221;Foncier Sol et Ressources&#8221; title_text=&#8221;Foncier Sol et Ressources&#8221; _builder_version=&#8221;4.20.2&#8243; _module_preset=&#8221;default&#8221; border_radii=&#8221;on|10px|10px|10px|10px&#8221; global_colors_info=&#8221;{}&#8221;][\/et_pb_image][et_pb_text _builder_version=&#8221;4.20.2&#8243; _module_preset=&#8221;bc40b7fe-e3dd-454c-accd-cdafc05eed50&#8243; text_font=&#8221;Rubik||||||||&#8221; text_text_color=&#8221;#323232&#8243; text_font_size=&#8221;25px&#8221; header_2_font=&#8221;Rubik|300|||||||&#8221; header_2_text_color=&#8221;#3e3f3f&#8221; header_2_font_size=&#8221;30px&#8221; header_3_font=&#8221;Rubik|300|||||||&#8221; header_3_font_size=&#8221;25px&#8221; custom_margin=&#8221;0px||0px||false|false&#8221; custom_padding=&#8221;0px||0px||false|false&#8221; animation_direction=&#8221;left&#8221; header_2_font_size_tablet=&#8221;48px&#8221; header_2_font_size_phone=&#8221;36px&#8221; header_2_font_size_last_edited=&#8221;on|phone&#8221; header_2_line_height_tablet=&#8221;1em&#8221; header_2_line_height_phone=&#8221;1em&#8221; header_2_line_height_last_edited=&#8221;on|desktop&#8221; inline_fonts=&#8221;Gotham Bold&#8221; global_colors_info=&#8221;{}&#8221;]<\/p>\n<h3><strong>Land, Soil and Resources<\/strong><\/h3>\n<p>[\/et_pb_text][et_pb_button button_url=&#8221;@ET-DC@eyJkeW5hbWljIjp0cnVlLCJjb250ZW50IjoicG9zdF9saW5rX3VybF9wYWdlIiwic2V0dGluZ3MiOnsicG9zdF9pZCI6IjI5NTk3In19@&#8221; button_text=&#8221;Learn more&#8221; module_class=&#8221;et_pb_button-black&#8221; _builder_version=&#8221;4.20.2&#8243; _dynamic_attributes=&#8221;button_url&#8221; _module_preset=&#8221;default&#8221; custom_button=&#8221;on&#8221; button_text_size=&#8221;20px&#8221; button_text_color=&#8221;#3e3f3f&#8221; button_bg_color=&#8221;#F7C05E&#8221; button_border_width=&#8221;0px&#8221; button_border_radius=&#8221;10px&#8221; button_font=&#8221;Rubik|300|||||||&#8221; button_icon=&#8221;&#x24;||divi||400&#8243; button_on_hover=&#8221;off&#8221; custom_margin=&#8221;28px||||false|false&#8221; custom_padding=&#8221;10px||10px||true|false&#8221; button_text_size_tablet=&#8221;18px&#8221; button_text_size_phone=&#8221;16px&#8221; button_text_size_last_edited=&#8221;on|desktop&#8221; global_colors_info=&#8221;{}&#8221;][\/et_pb_button][\/et_pb_column][et_pb_column type=&#8221;1_3&#8243; _builder_version=&#8221;4.20.2&#8243; _module_preset=&#8221;default&#8221; global_colors_info=&#8221;{}&#8221;][et_pb_image src=&#8221;https:\/\/www.salondesmaires.com\/app\/uploads\/2026\/03\/Mobilite-et-Logistique-scaled.jpeg&#8221; alt=&#8221;Mobilit\u00e9 et Logistique&#8221; title_text=&#8221;Mobilit\u00e9 et Logistique&#8221; _builder_version=&#8221;4.20.2&#8243; _module_preset=&#8221;default&#8221; border_radii=&#8221;on|10px|10px|10px|10px&#8221; global_colors_info=&#8221;{}&#8221;][\/et_pb_image][et_pb_text _builder_version=&#8221;4.20.2&#8243; _module_preset=&#8221;bc40b7fe-e3dd-454c-accd-cdafc05eed50&#8243; text_font=&#8221;Rubik||||||||&#8221; text_text_color=&#8221;#323232&#8243; text_font_size=&#8221;25px&#8221; header_2_font=&#8221;Rubik|300|||||||&#8221; header_2_text_color=&#8221;#3e3f3f&#8221; header_2_font_size=&#8221;30px&#8221; header_3_font=&#8221;Rubik|300|||||||&#8221; header_3_font_size=&#8221;25px&#8221; custom_margin=&#8221;0px||0px||false|false&#8221; custom_padding=&#8221;0px||0px||false|false&#8221; animation_direction=&#8221;left&#8221; header_2_font_size_tablet=&#8221;48px&#8221; header_2_font_size_phone=&#8221;36px&#8221; header_2_font_size_last_edited=&#8221;on|phone&#8221; header_2_line_height_tablet=&#8221;1em&#8221; header_2_line_height_phone=&#8221;1em&#8221; header_2_line_height_last_edited=&#8221;on|desktop&#8221; inline_fonts=&#8221;Gotham Bold&#8221; global_colors_info=&#8221;{}&#8221;]<\/p>\n<h3><strong>Mobility and Logistics<\/strong><\/h3>\n<p>[\/et_pb_text][et_pb_button button_url=&#8221;@ET-DC@eyJkeW5hbWljIjp0cnVlLCJjb250ZW50IjoicG9zdF9saW5rX3VybF9wYWdlIiwic2V0dGluZ3MiOnsicG9zdF9pZCI6IjI5NTk3In19@&#8221; button_text=&#8221;Learn more&#8221; module_class=&#8221;et_pb_button-black&#8221; _builder_version=&#8221;4.20.2&#8243; _dynamic_attributes=&#8221;button_url&#8221; _module_preset=&#8221;default&#8221; custom_button=&#8221;on&#8221; button_text_size=&#8221;20px&#8221; button_text_color=&#8221;#3e3f3f&#8221; button_bg_color=&#8221;#F7C05E&#8221; button_border_width=&#8221;0px&#8221; button_border_radius=&#8221;10px&#8221; button_font=&#8221;Rubik|300|||||||&#8221; button_icon=&#8221;&#x24;||divi||400&#8243; button_on_hover=&#8221;off&#8221; custom_margin=&#8221;28px||||false|false&#8221; custom_padding=&#8221;10px||10px||true|false&#8221; button_text_size_tablet=&#8221;18px&#8221; button_text_size_phone=&#8221;16px&#8221; button_text_size_last_edited=&#8221;on|desktop&#8221; global_colors_info=&#8221;{}&#8221;][\/et_pb_button][\/et_pb_column][et_pb_column type=&#8221;1_3&#8243; _builder_version=&#8221;4.20.2&#8243; _module_preset=&#8221;default&#8221; global_colors_info=&#8221;{}&#8221;][et_pb_image src=&#8221;https:\/\/www.salondesmaires.com\/app\/uploads\/2026\/03\/Prevention-et-Gestion-des-Risques-scaled.jpeg&#8221; alt=&#8221;Pr\u00e9vention et Gestion des risques&#8221; title_text=&#8221;Pr\u00e9vention et Gestion des risques&#8221; force_fullwidth=&#8221;on&#8221; _builder_version=&#8221;4.20.2&#8243; _module_preset=&#8221;default&#8221; height=&#8221;201px&#8221; border_radii=&#8221;on|10px|10px|10px|10px&#8221; global_colors_info=&#8221;{}&#8221;][\/et_pb_image][et_pb_text _builder_version=&#8221;4.20.2&#8243; _module_preset=&#8221;bc40b7fe-e3dd-454c-accd-cdafc05eed50&#8243; text_font=&#8221;Rubik||||||||&#8221; text_text_color=&#8221;#323232&#8243; text_font_size=&#8221;25px&#8221; header_2_font=&#8221;Rubik|300|||||||&#8221; header_2_text_color=&#8221;#3e3f3f&#8221; header_2_font_size=&#8221;30px&#8221; header_3_font=&#8221;Rubik|300|||||||&#8221; header_3_font_size=&#8221;25px&#8221; custom_margin=&#8221;0px||0px||false|false&#8221; custom_padding=&#8221;0px||0px||false|false&#8221; animation_direction=&#8221;left&#8221; header_2_font_size_tablet=&#8221;48px&#8221; header_2_font_size_phone=&#8221;36px&#8221; header_2_font_size_last_edited=&#8221;on|phone&#8221; header_2_line_height_tablet=&#8221;1em&#8221; header_2_line_height_phone=&#8221;1em&#8221; header_2_line_height_last_edited=&#8221;on|desktop&#8221; inline_fonts=&#8221;Gotham Bold&#8221; global_colors_info=&#8221;{}&#8221;]<\/p>\n<h3><strong>Risk Preventio, risk Management, and safety<\/strong><\/h3>\n<p>[\/et_pb_text][et_pb_button button_url=&#8221;@ET-DC@eyJkeW5hbWljIjp0cnVlLCJjb250ZW50IjoicG9zdF9saW5rX3VybF9wYWdlIiwic2V0dGluZ3MiOnsicG9zdF9pZCI6IjI5NTk3In19@&#8221; button_text=&#8221;Learn more&#8221; module_class=&#8221;et_pb_button-black&#8221; _builder_version=&#8221;4.20.2&#8243; _dynamic_attributes=&#8221;button_url&#8221; _module_preset=&#8221;default&#8221; custom_button=&#8221;on&#8221; button_text_size=&#8221;20px&#8221; button_text_color=&#8221;#3e3f3f&#8221; button_bg_color=&#8221;#F7C05E&#8221; button_border_width=&#8221;0px&#8221; button_border_radius=&#8221;10px&#8221; button_font=&#8221;Rubik|300|||||||&#8221; button_icon=&#8221;&#x24;||divi||400&#8243; button_on_hover=&#8221;off&#8221; custom_margin=&#8221;||||false|false&#8221; custom_padding=&#8221;10px||10px||true|false&#8221; button_text_size_tablet=&#8221;18px&#8221; button_text_size_phone=&#8221;16px&#8221; button_text_size_last_edited=&#8221;on|desktop&#8221; global_colors_info=&#8221;{}&#8221;][\/et_pb_button][\/et_pb_column][\/et_pb_row][\/et_pb_section][et_pb_section fb_built=&#8221;1&#8243; _builder_version=&#8221;4.20.2&#8243; _module_preset=&#8221;default&#8221; background_color=&#8221;#FFFBEB&#8221; locked=&#8221;off&#8221; global_colors_info=&#8221;{}&#8221;][et_pb_row column_structure=&#8221;1_2,1_2&#8243; _builder_version=&#8221;4.20.2&#8243; _module_preset=&#8221;default&#8221; max_width=&#8221;1400px&#8221; custom_margin=&#8221;20px||20px||false|false&#8221; custom_padding=&#8221;20px||0px||false|false&#8221; global_colors_info=&#8221;{}&#8221;][et_pb_column type=&#8221;1_2&#8243; _builder_version=&#8221;4.20.2&#8243; _module_preset=&#8221;default&#8221; global_colors_info=&#8221;{}&#8221;][et_pb_image src=&#8221;https:\/\/www.salondesmaires.com\/app\/uploads\/2026\/03\/Territoire-productif-et-resilient.jpeg&#8221; alt=&#8221;Territoire productif et r\u00e9silient&#8221; title_text=&#8221;Territoire productif et r\u00e9silient&#8221; _builder_version=&#8221;4.20.2&#8243; _module_preset=&#8221;default&#8221; width=&#8221;100%&#8221; custom_margin=&#8221;0px||20px||false|false&#8221; custom_padding=&#8221;0px||0px||false|false&#8221; border_radii=&#8221;on|10px|10px|10px|10px&#8221; global_colors_info=&#8221;{}&#8221;][\/et_pb_image][et_pb_text _builder_version=&#8221;4.20.2&#8243; _module_preset=&#8221;bc40b7fe-e3dd-454c-accd-cdafc05eed50&#8243; text_font=&#8221;Rubik||||||||&#8221; text_text_color=&#8221;#323232&#8243; text_font_size=&#8221;25px&#8221; header_2_font=&#8221;Rubik|300|||||||&#8221; header_2_text_color=&#8221;#3e3f3f&#8221; header_2_font_size=&#8221;30px&#8221; header_3_font=&#8221;Rubik|300|||||||&#8221; header_3_font_size=&#8221;25px&#8221; custom_margin=&#8221;0px||0px||false|false&#8221; custom_padding=&#8221;0px||0px||false|false&#8221; animation_direction=&#8221;left&#8221; header_2_font_size_tablet=&#8221;48px&#8221; header_2_font_size_phone=&#8221;36px&#8221; header_2_font_size_last_edited=&#8221;on|phone&#8221; header_2_line_height_tablet=&#8221;1em&#8221; header_2_line_height_phone=&#8221;1em&#8221; header_2_line_height_last_edited=&#8221;on|desktop&#8221; inline_fonts=&#8221;Gotham Bold&#8221; global_colors_info=&#8221;{}&#8221;]<\/p>\n<h3><strong>Productive and resilient territories<\/strong><\/h3>\n<p>[\/et_pb_text][et_pb_text _builder_version=&#8221;4.20.2&#8243; _module_preset=&#8221;default&#8221; text_font=&#8221;Rubik|300|||||||&#8221; text_text_color=&#8221;#3e3f3f&#8221; text_font_size=&#8221;20px&#8221; text_line_height=&#8221;1.2em&#8221; custom_margin=&#8221;0px||20px||false|false&#8221; custom_padding=&#8221;0px|8px|0px|4px|false|false&#8221; text_font_size_tablet=&#8221;18px&#8221; text_font_size_phone=&#8221;16px&#8221; text_font_size_last_edited=&#8221;on|phone&#8221; text_line_height_tablet=&#8221;1.2em&#8221; text_line_height_phone=&#8221;1.2em&#8221; text_line_height_last_edited=&#8221;on|phone&#8221; global_colors_info=&#8221;{}&#8221;]<\/p>\n<div>Reindustrialization, agriculture, trade, and attractiveness: strengthening the resilience of territories.<\/div>\n<p>[\/et_pb_text][et_pb_button button_url=&#8221;@ET-DC@eyJkeW5hbWljIjp0cnVlLCJjb250ZW50IjoicG9zdF9saW5rX3VybF9wYWdlIiwic2V0dGluZ3MiOnsicG9zdF9pZCI6IjI5NTk5In19@&#8221; button_text=&#8221;Learn more&#8221; module_class=&#8221;et_pb_button-black&#8221; _builder_version=&#8221;4.20.2&#8243; _dynamic_attributes=&#8221;button_url&#8221; _module_preset=&#8221;default&#8221; custom_button=&#8221;on&#8221; button_text_size=&#8221;20px&#8221; button_text_color=&#8221;#3e3f3f&#8221; button_bg_color=&#8221;#F7C05E&#8221; button_border_width=&#8221;0px&#8221; button_border_radius=&#8221;10px&#8221; button_font=&#8221;Rubik|300|||||||&#8221; button_icon=&#8221;&#x24;||divi||400&#8243; button_on_hover=&#8221;off&#8221; custom_margin=&#8221;25px||||false|false&#8221; custom_padding=&#8221;10px||10px||true|false&#8221; button_text_size_tablet=&#8221;18px&#8221; button_text_size_phone=&#8221;16px&#8221; button_text_size_last_edited=&#8221;on|desktop&#8221; global_colors_info=&#8221;{}&#8221;][\/et_pb_button][\/et_pb_column][et_pb_column type=&#8221;1_2&#8243; _builder_version=&#8221;4.20.2&#8243; _module_preset=&#8221;default&#8221; global_colors_info=&#8221;{}&#8221;][et_pb_image src=&#8221;https:\/\/www.salondesmaires.com\/app\/uploads\/2026\/03\/Financement-et-Adaptation-territoriale-scaled.jpeg&#8221; alt=&#8221;Financement et adaptation territoriale&#8221; title_text=&#8221;Financement et adaptation territoriale&#8221; _builder_version=&#8221;4.20.2&#8243; _module_preset=&#8221;default&#8221; width=&#8221;100%&#8221; custom_margin=&#8221;0px||20px||false|false&#8221; custom_padding=&#8221;0px||0px||false|false&#8221; border_radii=&#8221;on|10px|10px|10px|10px&#8221; global_colors_info=&#8221;{}&#8221;][\/et_pb_image][et_pb_text _builder_version=&#8221;4.20.2&#8243; _module_preset=&#8221;bc40b7fe-e3dd-454c-accd-cdafc05eed50&#8243; text_font=&#8221;Rubik||||||||&#8221; text_text_color=&#8221;#323232&#8243; text_font_size=&#8221;25px&#8221; header_2_font=&#8221;Rubik|300|||||||&#8221; header_2_text_color=&#8221;#3e3f3f&#8221; header_2_font_size=&#8221;30px&#8221; header_3_font=&#8221;Rubik|300|||||||&#8221; header_3_font_size=&#8221;25px&#8221; custom_margin=&#8221;0px||0px||false|false&#8221; custom_padding=&#8221;0px||0px||false|false&#8221; animation_direction=&#8221;left&#8221; header_2_font_size_tablet=&#8221;48px&#8221; header_2_font_size_phone=&#8221;36px&#8221; header_2_font_size_last_edited=&#8221;on|phone&#8221; header_2_line_height_tablet=&#8221;1em&#8221; header_2_line_height_phone=&#8221;1em&#8221; header_2_line_height_last_edited=&#8221;on|desktop&#8221; inline_fonts=&#8221;Gotham Bold&#8221; global_colors_info=&#8221;{}&#8221;]<\/p>\n<h3><strong>Funding and territorial adaptation<\/strong><\/h3>\n<p>[\/et_pb_text][et_pb_text _builder_version=&#8221;4.20.2&#8243; _module_preset=&#8221;default&#8221; text_font=&#8221;Rubik|300|||||||&#8221; text_text_color=&#8221;#3e3f3f&#8221; text_font_size=&#8221;20px&#8221; text_line_height=&#8221;1.2em&#8221; custom_margin=&#8221;0px||20px||false|false&#8221; custom_padding=&#8221;0px|8px|0px|4px|false|false&#8221; text_font_size_tablet=&#8221;18px&#8221; text_font_size_phone=&#8221;16px&#8221; text_font_size_last_edited=&#8221;on|phone&#8221; text_line_height_tablet=&#8221;1.2em&#8221; text_line_height_phone=&#8221;1.2em&#8221; text_line_height_last_edited=&#8221;on|phone&#8221; global_colors_info=&#8221;{}&#8221;]<\/p>\n<p>Arbitrate, prioritize, and secure territorial transition projects.<\/p>\n<p>[\/et_pb_text][et_pb_button button_url=&#8221;@ET-DC@eyJkeW5hbWljIjp0cnVlLCJjb250ZW50IjoicG9zdF9saW5rX3VybF9wYWdlIiwic2V0dGluZ3MiOnsicG9zdF9pZCI6IjI5NTk5In19@&#8221; button_text=&#8221;Learn more&#8221; module_class=&#8221;et_pb_button-black&#8221; _builder_version=&#8221;4.20.2&#8243; _dynamic_attributes=&#8221;button_url&#8221; _module_preset=&#8221;default&#8221; custom_button=&#8221;on&#8221; button_text_size=&#8221;20px&#8221; button_text_color=&#8221;#3e3f3f&#8221; button_bg_color=&#8221;#F7C05E&#8221; button_border_width=&#8221;0px&#8221; button_border_radius=&#8221;10px&#8221; button_font=&#8221;Rubik|300|||||||&#8221; button_icon=&#8221;&#x24;||divi||400&#8243; button_on_hover=&#8221;off&#8221; custom_margin=&#8221;25px||||false|false&#8221; custom_padding=&#8221;10px||10px||true|false&#8221; button_text_size_tablet=&#8221;18px&#8221; button_text_size_phone=&#8221;16px&#8221; button_text_size_last_edited=&#8221;on|desktop&#8221; global_colors_info=&#8221;{}&#8221;][\/et_pb_button][\/et_pb_column][\/et_pb_row][\/et_pb_section][et_pb_section fb_built=&#8221;1&#8243; _builder_version=&#8221;4.20.2&#8243; _module_preset=&#8221;default&#8221; locked=&#8221;off&#8221; global_colors_info=&#8221;{}&#8221;][et_pb_row column_structure=&#8221;2_5,3_5&#8243; _builder_version=&#8221;4.20.2&#8243; _module_preset=&#8221;default&#8221; max_width=&#8221;1400px&#8221; global_colors_info=&#8221;{}&#8221;][et_pb_column type=&#8221;2_5&#8243; _builder_version=&#8221;4.20.2&#8243; _module_preset=&#8221;default&#8221; global_colors_info=&#8221;{}&#8221;][et_pb_image src=&#8221;https:\/\/www.salondesmaires.com\/app\/uploads\/2025\/07\/SMCL24_BENOIT_241120_000108-2.jpg&#8221; alt=&#8221;SMCL 2024- Prise de parole dasn un Lab&#8221; title_text=&#8221;SMCL 2024- Prise de parole dasn un Lab&#8221; _builder_version=&#8221;4.20.2&#8243; _module_preset=&#8221;default&#8221; width=&#8221;100%&#8221; custom_margin=&#8221;0px||20px||false|false&#8221; custom_padding=&#8221;0px||0px||false|false&#8221; border_radii=&#8221;on|10px|10px|10px|10px&#8221; global_colors_info=&#8221;{}&#8221;][\/et_pb_image][\/et_pb_column][et_pb_column type=&#8221;3_5&#8243; _builder_version=&#8221;4.20.2&#8243; _module_preset=&#8221;default&#8221; global_colors_info=&#8221;{}&#8221;][et_pb_text _builder_version=&#8221;4.20.2&#8243; _module_preset=&#8221;bc40b7fe-e3dd-454c-accd-cdafc05eed50&#8243; text_font=&#8221;Rubik||||||||&#8221; text_text_color=&#8221;#323232&#8243; text_font_size=&#8221;25px&#8221; header_2_font=&#8221;Rubik|300|||||||&#8221; header_2_text_color=&#8221;#3e3f3f&#8221; header_2_font_size=&#8221;30px&#8221; header_3_font=&#8221;Rubik|300|||||||&#8221; header_3_font_size=&#8221;25px&#8221; custom_margin=&#8221;0px||0px||false|false&#8221; custom_padding=&#8221;0px||0px||false|false&#8221; animation_direction=&#8221;left&#8221; header_2_font_size_tablet=&#8221;48px&#8221; header_2_font_size_phone=&#8221;36px&#8221; header_2_font_size_last_edited=&#8221;on|phone&#8221; header_2_line_height_tablet=&#8221;1em&#8221; header_2_line_height_phone=&#8221;1em&#8221; header_2_line_height_last_edited=&#8221;on|desktop&#8221; inline_fonts=&#8221;Gotham Bold&#8221; global_colors_info=&#8221;{}&#8221;]<\/p>\n<h3><strong>Arena of Boldness<\/strong><\/h3>\n<p>[\/et_pb_text][et_pb_text _builder_version=&#8221;4.20.2&#8243; _module_preset=&#8221;default&#8221; text_font=&#8221;Rubik|300|||||||&#8221; text_text_color=&#8221;#3e3f3f&#8221; text_font_size=&#8221;20px&#8221; text_line_height=&#8221;1.2em&#8221; custom_margin=&#8221;0px||20px||false|false&#8221; custom_padding=&#8221;0px|8px|0px|4px|false|false&#8221; text_font_size_tablet=&#8221;18px&#8221; text_font_size_phone=&#8221;16px&#8221; text_font_size_last_edited=&#8221;on|phone&#8221; text_line_height_tablet=&#8221;1.2em&#8221; text_line_height_phone=&#8221;1.2em&#8221; text_line_height_last_edited=&#8221;on|phone&#8221; global_colors_info=&#8221;{}&#8221;]<\/p>\n<p>Enabling local authorities to innovate and bounce back in the face of current difficulties, vulnerabilities, and crises in order to sustain their dynamism and attractiveness.<\/p>\n<p>[\/et_pb_text][et_pb_button button_url=&#8221;@ET-DC@eyJkeW5hbWljIjp0cnVlLCJjb250ZW50IjoicG9zdF9saW5rX3VybF9wYWdlIiwic2V0dGluZ3MiOnsicG9zdF9pZCI6IjI5NjAzIn19@&#8221; button_text=&#8221;Learn more&#8221; module_class=&#8221;et_pb_button-black&#8221; _builder_version=&#8221;4.20.2&#8243; _dynamic_attributes=&#8221;button_url&#8221; _module_preset=&#8221;default&#8221; custom_button=&#8221;on&#8221; button_text_size=&#8221;20px&#8221; button_text_color=&#8221;#3e3f3f&#8221; button_bg_color=&#8221;#F7C05E&#8221; button_border_width=&#8221;0px&#8221; button_border_radius=&#8221;10px&#8221; button_font=&#8221;Rubik|300|||||||&#8221; button_icon=&#8221;&#x24;||divi||400&#8243; button_on_hover=&#8221;off&#8221; custom_margin=&#8221;26px||||false|false&#8221; custom_padding=&#8221;10px||10px||true|false&#8221; button_text_size_tablet=&#8221;18px&#8221; button_text_size_phone=&#8221;16px&#8221; button_text_size_last_edited=&#8221;on|desktop&#8221; global_colors_info=&#8221;{}&#8221;][\/et_pb_button][\/et_pb_column][\/et_pb_row][\/et_pb_section]<\/p>\n","protected":false},"excerpt":{"rendered":"<p><div class=\"et_pb_module revslider_divi revslider_divi_0\">\n\t\t\t\t\n\t\t\t\t\n\t\t\t\t\n\t\t\t\t\n\t\t\t\t\n\t\t\t\t\n\t\t\t\t<div class=\"et_pb_module_inner\">\n\t\t\t\t\t\n\t\t\t\t<p class=\"rs-p-wp-fix\"><\/p>\n\t\t\t\t<sr7-module data-alias=\"temps-forts-nouveautes-11\" data-id=\"34\" id=\"SR7_34_1\" class=\"rs-ov-hidden\" data-version=\"6.7.32\">\n\t\t\t\t\t<sr7-adjuster><\/sr7-adjuster>\n\t\t\t\t\t<sr7-content>\n\t\t\t\t\t\t<sr7-slide id=\"SR7_34_1-67\" data-key=\"67\">\n\t\t\t\t\t\t\t<sr7-bg id=\"SR7_34_1-67-6\" class=\"sr7-layer\"><noscript><img decoding=\"async\" src=\"https:\/\/www.salondesmaires.com\/app\/uploads\/2025\/07\/SMCL24_MAX_241119_000328.jpg\" alt=\"nouveaut\u00e9s- SMCL-2024-programme\" title=\"SMCL24_MAX_241119_000328\"><\/noscript><\/sr7-bg>\n\t\t\t\t\t\t\t<h1 id=\"SR7_34_1-67-0\" class=\"sr7-layer\">New Features<\/h1>\n\t\t\t\t\t\t\t<h1 id=\"SR7_34_1-67-1\" class=\"sr7-layer\"> of 2026<br \/>\n<\/h1>\n\t\t\t\t\t\t<\/sr7-slide>\n\t\t\t\t\t\t<sr7-slide id=\"SR7_34_1-68\" data-key=\"68\">\n\t\t\t\t\t\t<\/sr7-slide>\n\t\t\t\t\t<\/sr7-content>\n\t\t\t\t\t<image_lists style=\"display:none\">\n\t\t\t\t\t\t<img data-src=\"\/\/www.salondesmaires.com\/app\/uploads\/2025\/07\/SMCL24_MAX_241119_000328.jpg\" data-libid=\"29274\" data-lib=\"medialibrary\" alt=\"nouveaut\u00e9s- SMCL-2024-programme\" title=\"SMCL24_MAX_241119_000328\" width=\"0\" height=\"0\" data-dbsrc=\"Ly93d3cuc2Fsb25kZXNtYWlyZXMuY29tL2FwcC91cGxvYWRzLzIwMjUvMDcvU01DTDI0X01BWF8yNDExMTlfMDAwMzI4LmpwZw==\"\/>\n\t\t\t\t\t<\/image_lists>\n\t\t\t\t<\/sr7-module>\n\t\t\t\t<script>\n\t\t\t\t\tSR7.PMH ??={}; SR7.PMH[\"SR7_34_1\"] = {cn:100,state:false,fn: function() { if (_tpt!==undefined && _tpt.prepareModuleHeight !== undefined) {  _tpt.prepareModuleHeight({id:\"SR7_34_1\",el:[500,500,600,500,400],type:'standard',shdw:'0',gh:[500,500,600,500,400],gw:[1728,1728,1024,778,480],vpt:['-100px&#039;,&#039;-100px&#039;,&#039;-100px&#039;,&#039;-100px&#039;,&#039;-100px'],size:{fullWidth:true, fullHeight:false},mh:'0',onh:0,onw:0,bg:{color:'{\"orig\":\"transparent\",\"type\":\"solid\",\"string\":\"transparent\"}'}});   SR7.PMH[\"SR7_34_1\"].state=true;} else if(SR7.PMH[\"SR7_34_1\"].cn-->0)\tsetTimeout( SR7.PMH[\"SR7_34_1\"].fn,19);}};SR7.PMH[\"SR7_34_1\" ].fn();\n\t\t\t\t<\/script>\n\n\t\t\t\t<\/div>\n\t\t\t<\/div><div class=\"et_pb_module dsm_breadcrumbs dsm_breadcrumbs_0\">\n\t\t\t\t\n\t\t\t\t\n\t\t\t\t\n\t\t\t\t\n\t\t\t\t\n\t\t\t\t\n\t\t\t\t<div class=\"et_pb_module_inner\">\n\t\t\t\t\t<nav class=\"dsm_breadcrumbs_wrap\">\n\t\t\t\t<ul class=\"dsm_breadcrumbs\" itemscope itemtype=\"https:\/\/schema.org\/BreadcrumbList\">\t\t\t<li class=\"dsm_breadcrumbs_item dsm_home_item dsm_home_item_custom\" itemprop=\"itemListElement\" itemscope\n\t\t\titemtype=\"https:\/\/schema.org\/ListItem\">\n\t\t\t\t<a href=\"https:\/\/www.salondesmaires.com\/en\/\" itemprop=\"item\" target=\"\">\n\t\t\t\t\t<span class='dsm_home_text_wrapper'>\n\t\t\t\t\t\t\t\t\t\t\t\t\t<span class=\"et-pb-icon dsm_home_icon\">\ue009<\/span>\n\t\t\t\t\t\t\t\t\t\t\t\t\t<span class=\"dsm_home_text\" itemprop=\"name\">\n\t\t\t\t\t\t\t\tAccueil\t\t\t\t\t\t\t<\/span>\n\t\t\t\t\t<\/span>\n\t\t\t\t<\/a>\n\t\t\t\t<meta itemprop=\"position\" content=\"1\" \/>\n\t\t\t<\/li>\n\n\t\t<li class=\"dsm_breadcrumbs_separator\"> <span class=\"et-pb-icon dsm_separator_icon\">&#x39;<\/span><\/li><\/ul>\n\t\t\t<\/nav>\n\t\t\t\t<\/div>\n\t\t\t<\/div>New Areas of the 2026 editionLand, Soil and ResourcesMobility and LogisticsRisk Preventio, risk Management, and safetyProductive and resilient territoriesReindustrialization, agriculture, trade, and attractiveness: strengthening the resilience of territories.Funding and territorial adaptationArbitrate, prioritize, and secure territorial transition projects.Arena of BoldnessEnabling local authorities to innovate and bounce back in the face of current difficulties, vulnerabilities, and crises in order to sustain their dynamism and attractiveness.<\/p>\n","protected":false},"author":10,"featured_media":36108,"parent":29528,"menu_order":0,"comment_status":"closed","ping_status":"closed","template":"","meta":{"_acf_changed":false,"_et_pb_use_builder":"on","_et_pb_old_content":"","_et_gb_content_width":"","inline_featured_image":false,"footnotes":""},"class_list":["post-29532","page","type-page","status-publish","has-post-thumbnail","hentry"],"acf":[],"yoast_head":"<!-- This site is optimized with the Yoast SEO plugin v26.3 - https:\/\/yoast.com\/wordpress\/plugins\/seo\/ -->\n<title>New features of 2026 - Salon des maires<\/title>\n<meta name=\"robots\" content=\"index, follow, max-snippet:-1, max-image-preview:large, max-video-preview:-1\" \/>\n<link rel=\"canonical\" href=\"https:\/\/www.salondesmaires.com\/en\/exhibition\/features\/\" \/>\n<meta property=\"og:locale\" content=\"en_US\" \/>\n<meta property=\"og:type\" content=\"article\" \/>\n<meta property=\"og:title\" content=\"New features of 2026 - Salon des maires\" \/>\n<meta property=\"og:description\" content=\"New Areas of the 2026 editionLand, Soil and ResourcesMobility and LogisticsRisk Preventio, risk Management, and safetyProductive and resilient territoriesReindustrialization, agriculture, trade, and attractiveness: strengthening the resilience of territories.Funding and territorial adaptationArbitrate, prioritize, and secure territorial transition projects.Arena of BoldnessEnabling local authorities to innovate and bounce back in the face of current difficulties, vulnerabilities, and crises in order to sustain their dynamism and attractiveness.\" \/>\n<meta property=\"og:url\" content=\"https:\/\/www.salondesmaires.com\/en\/exhibition\/features\/\" \/>\n<meta property=\"og:site_name\" content=\"Salon des maires\" \/>\n<meta property=\"article:modified_time\" content=\"2026-03-26T16:13:21+00:00\" \/>\n<meta property=\"og:image\" content=\"https:\/\/www.salondesmaires.com\/app\/uploads\/2026\/03\/Qualite-de-vie-et-Longevite-scaled.jpeg\" \/>\n\t<meta property=\"og:image:width\" content=\"2560\" \/>\n\t<meta property=\"og:image:height\" content=\"1435\" \/>\n\t<meta property=\"og:image:type\" content=\"image\/jpeg\" \/>\n<meta name=\"twitter:card\" content=\"summary_large_image\" \/>\n<meta name=\"twitter:label1\" content=\"Est. reading time\" \/>\n\t<meta name=\"twitter:data1\" content=\"3 minutes\" \/>\n<script type=\"application\/ld+json\" class=\"yoast-schema-graph\">{\"@context\":\"https:\/\/schema.org\",\"@graph\":[{\"@type\":\"WebPage\",\"@id\":\"https:\/\/www.salondesmaires.com\/en\/exhibition\/features\/\",\"url\":\"https:\/\/www.salondesmaires.com\/en\/exhibition\/features\/\",\"name\":\"New features of 2026 - Salon des maires\",\"isPartOf\":{\"@id\":\"https:\/\/www.salondesmaires.com\/#website\"},\"primaryImageOfPage\":{\"@id\":\"https:\/\/www.salondesmaires.com\/en\/exhibition\/features\/#primaryimage\"},\"image\":{\"@id\":\"https:\/\/www.salondesmaires.com\/en\/exhibition\/features\/#primaryimage\"},\"thumbnailUrl\":\"https:\/\/www.salondesmaires.com\/app\/uploads\/2026\/03\/Qualite-de-vie-et-Longevite-scaled.jpeg\",\"datePublished\":\"2025-08-05T08:44:09+00:00\",\"dateModified\":\"2026-03-26T16:13:21+00:00\",\"breadcrumb\":{\"@id\":\"https:\/\/www.salondesmaires.com\/en\/exhibition\/features\/#breadcrumb\"},\"inLanguage\":\"en-US\",\"potentialAction\":[{\"@type\":\"ReadAction\",\"target\":[\"https:\/\/www.salondesmaires.com\/en\/exhibition\/features\/\"]}]},{\"@type\":\"ImageObject\",\"inLanguage\":\"en-US\",\"@id\":\"https:\/\/www.salondesmaires.com\/en\/exhibition\/features\/#primaryimage\",\"url\":\"https:\/\/www.salondesmaires.com\/app\/uploads\/2026\/03\/Qualite-de-vie-et-Longevite-scaled.jpeg\",\"contentUrl\":\"https:\/\/www.salondesmaires.com\/app\/uploads\/2026\/03\/Qualite-de-vie-et-Longevite-scaled.jpeg\",\"width\":2560,\"height\":1435,\"caption\":\"Qualit\u00e9 de vie et Long\u00e9vit\u00e9\"},{\"@type\":\"BreadcrumbList\",\"@id\":\"https:\/\/www.salondesmaires.com\/en\/exhibition\/features\/#breadcrumb\",\"itemListElement\":[{\"@type\":\"ListItem\",\"position\":1,\"name\":\"Home\",\"item\":\"https:\/\/www.salondesmaires.com\/\"},{\"@type\":\"ListItem\",\"position\":2,\"name\":\"The presentation of the exhibitions\",\"item\":\"https:\/\/www.salondesmaires.com\/en\/exhibition\/\"},{\"@type\":\"ListItem\",\"position\":3,\"name\":\"New features of 2026\"}]},{\"@type\":\"WebSite\",\"@id\":\"https:\/\/www.salondesmaires.com\/#website\",\"url\":\"https:\/\/www.salondesmaires.com\/\",\"name\":\"Salon des Maires et des Collectivit\u00e9s locales\",\"description\":\"Le Meilleur en Commun\",\"publisher\":{\"@id\":\"https:\/\/www.salondesmaires.com\/#organization\"},\"alternateName\":\"Salon des Maires\",\"potentialAction\":[{\"@type\":\"SearchAction\",\"target\":{\"@type\":\"EntryPoint\",\"urlTemplate\":\"https:\/\/www.salondesmaires.com\/?s={search_term_string}\"},\"query-input\":{\"@type\":\"PropertyValueSpecification\",\"valueRequired\":true,\"valueName\":\"search_term_string\"}}],\"inLanguage\":\"en-US\"},{\"@type\":\"Organization\",\"@id\":\"https:\/\/www.salondesmaires.com\/#organization\",\"name\":\"Salon des maires et des Collectivit\u00e9s locales\",\"url\":\"https:\/\/www.salondesmaires.com\/\",\"logo\":{\"@type\":\"ImageObject\",\"inLanguage\":\"en-US\",\"@id\":\"https:\/\/www.salondesmaires.com\/#\/schema\/logo\/image\/\",\"url\":\"https:\/\/www.salondesmaires.com\/app\/uploads\/2024\/07\/SMCL.jpg\",\"contentUrl\":\"https:\/\/www.salondesmaires.com\/app\/uploads\/2024\/07\/SMCL.jpg\",\"width\":300,\"height\":103,\"caption\":\"Salon des maires et des Collectivit\u00e9s locales\"},\"image\":{\"@id\":\"https:\/\/www.salondesmaires.com\/#\/schema\/logo\/image\/\"}}]}<\/script>\n<!-- \/ Yoast SEO plugin. -->","yoast_head_json":{"title":"New features of 2026 - Salon des maires","robots":{"index":"index","follow":"follow","max-snippet":"max-snippet:-1","max-image-preview":"max-image-preview:large","max-video-preview":"max-video-preview:-1"},"canonical":"https:\/\/www.salondesmaires.com\/en\/exhibition\/features\/","og_locale":"en_US","og_type":"article","og_title":"New features of 2026 - Salon des maires","og_description":"New Areas of the 2026 editionLand, Soil and ResourcesMobility and LogisticsRisk Preventio, risk Management, and safetyProductive and resilient territoriesReindustrialization, agriculture, trade, and attractiveness: strengthening the resilience of territories.Funding and territorial adaptationArbitrate, prioritize, and secure territorial transition projects.Arena of BoldnessEnabling local authorities to innovate and bounce back in the face of current difficulties, vulnerabilities, and crises in order to sustain their dynamism and attractiveness.","og_url":"https:\/\/www.salondesmaires.com\/en\/exhibition\/features\/","og_site_name":"Salon des maires","article_modified_time":"2026-03-26T16:13:21+00:00","og_image":[{"width":2560,"height":1435,"url":"https:\/\/www.salondesmaires.com\/app\/uploads\/2026\/03\/Qualite-de-vie-et-Longevite-scaled.jpeg","type":"image\/jpeg"}],"twitter_card":"summary_large_image","twitter_misc":{"Est. reading time":"3 minutes"},"schema":{"@context":"https:\/\/schema.org","@graph":[{"@type":"WebPage","@id":"https:\/\/www.salondesmaires.com\/en\/exhibition\/features\/","url":"https:\/\/www.salondesmaires.com\/en\/exhibition\/features\/","name":"New features of 2026 - Salon des maires","isPartOf":{"@id":"https:\/\/www.salondesmaires.com\/#website"},"primaryImageOfPage":{"@id":"https:\/\/www.salondesmaires.com\/en\/exhibition\/features\/#primaryimage"},"image":{"@id":"https:\/\/www.salondesmaires.com\/en\/exhibition\/features\/#primaryimage"},"thumbnailUrl":"https:\/\/www.salondesmaires.com\/app\/uploads\/2026\/03\/Qualite-de-vie-et-Longevite-scaled.jpeg","datePublished":"2025-08-05T08:44:09+00:00","dateModified":"2026-03-26T16:13:21+00:00","breadcrumb":{"@id":"https:\/\/www.salondesmaires.com\/en\/exhibition\/features\/#breadcrumb"},"inLanguage":"en-US","potentialAction":[{"@type":"ReadAction","target":["https:\/\/www.salondesmaires.com\/en\/exhibition\/features\/"]}]},{"@type":"ImageObject","inLanguage":"en-US","@id":"https:\/\/www.salondesmaires.com\/en\/exhibition\/features\/#primaryimage","url":"https:\/\/www.salondesmaires.com\/app\/uploads\/2026\/03\/Qualite-de-vie-et-Longevite-scaled.jpeg","contentUrl":"https:\/\/www.salondesmaires.com\/app\/uploads\/2026\/03\/Qualite-de-vie-et-Longevite-scaled.jpeg","width":2560,"height":1435,"caption":"Qualit\u00e9 de vie et Long\u00e9vit\u00e9"},{"@type":"BreadcrumbList","@id":"https:\/\/www.salondesmaires.com\/en\/exhibition\/features\/#breadcrumb","itemListElement":[{"@type":"ListItem","position":1,"name":"Home","item":"https:\/\/www.salondesmaires.com\/"},{"@type":"ListItem","position":2,"name":"The presentation of the exhibitions","item":"https:\/\/www.salondesmaires.com\/en\/exhibition\/"},{"@type":"ListItem","position":3,"name":"New features of 2026"}]},{"@type":"WebSite","@id":"https:\/\/www.salondesmaires.com\/#website","url":"https:\/\/www.salondesmaires.com\/","name":"Salon des Maires et des Collectivit\u00e9s locales","description":"Le Meilleur en Commun","publisher":{"@id":"https:\/\/www.salondesmaires.com\/#organization"},"alternateName":"Salon des Maires","potentialAction":[{"@type":"SearchAction","target":{"@type":"EntryPoint","urlTemplate":"https:\/\/www.salondesmaires.com\/?s={search_term_string}"},"query-input":{"@type":"PropertyValueSpecification","valueRequired":true,"valueName":"search_term_string"}}],"inLanguage":"en-US"},{"@type":"Organization","@id":"https:\/\/www.salondesmaires.com\/#organization","name":"Salon des maires et des Collectivit\u00e9s locales","url":"https:\/\/www.salondesmaires.com\/","logo":{"@type":"ImageObject","inLanguage":"en-US","@id":"https:\/\/www.salondesmaires.com\/#\/schema\/logo\/image\/","url":"https:\/\/www.salondesmaires.com\/app\/uploads\/2024\/07\/SMCL.jpg","contentUrl":"https:\/\/www.salondesmaires.com\/app\/uploads\/2024\/07\/SMCL.jpg","width":300,"height":103,"caption":"Salon des maires et des Collectivit\u00e9s locales"},"image":{"@id":"https:\/\/www.salondesmaires.com\/#\/schema\/logo\/image\/"}}]}},"_links":{"self":[{"href":"https:\/\/www.salondesmaires.com\/en\/wp-json\/wp\/v2\/pages\/29532","targetHints":{"allow":["GET"]}}],"collection":[{"href":"https:\/\/www.salondesmaires.com\/en\/wp-json\/wp\/v2\/pages"}],"about":[{"href":"https:\/\/www.salondesmaires.com\/en\/wp-json\/wp\/v2\/types\/page"}],"author":[{"embeddable":true,"href":"https:\/\/www.salondesmaires.com\/en\/wp-json\/wp\/v2\/users\/10"}],"replies":[{"embeddable":true,"href":"https:\/\/www.salondesmaires.com\/en\/wp-json\/wp\/v2\/comments?post=29532"}],"version-history":[{"count":30,"href":"https:\/\/www.salondesmaires.com\/en\/wp-json\/wp\/v2\/pages\/29532\/revisions"}],"predecessor-version":[{"id":36161,"href":"https:\/\/www.salondesmaires.com\/en\/wp-json\/wp\/v2\/pages\/29532\/revisions\/36161"}],"up":[{"embeddable":true,"href":"https:\/\/www.salondesmaires.com\/en\/wp-json\/wp\/v2\/pages\/29528"}],"wp:featuredmedia":[{"embeddable":true,"href":"https:\/\/www.salondesmaires.com\/en\/wp-json\/wp\/v2\/media\/36108"}],"wp:attachment":[{"href":"https:\/\/www.salondesmaires.com\/en\/wp-json\/wp\/v2\/media?parent=29532"}],"curies":[{"name":"wp","href":"https:\/\/api.w.org\/{rel}","templated":true}]}}