{"id":29597,"date":"2025-08-06T11:02:22","date_gmt":"2025-08-06T09:02:22","guid":{"rendered":"https:\/\/www.salondesmaires.com\/?page_id=29597"},"modified":"2026-04-13T10:42:15","modified_gmt":"2026-04-13T08:42:15","slug":"atmosphere","status":"publish","type":"page","link":"https:\/\/www.salondesmaires.com\/en\/speaking-areas\/atmosphere\/","title":{"rendered":"The Atmosph\u00e8re"},"content":{"rendered":"<p>[et_pb_section fb_built=&#8221;1&#8243; _builder_version=&#8221;4.20.2&#8243; _module_preset=&#8221;default&#8221; custom_margin=&#8221;0px||0px||false|false&#8221; custom_padding=&#8221;0px||0px||false|false&#8221; global_colors_info=&#8221;{}&#8221;][et_pb_row _builder_version=&#8221;4.27.4&#8243; _module_preset=&#8221;default&#8221; custom_padding=&#8221;0px||0px||false|false&#8221; global_colors_info=&#8221;{}&#8221;][et_pb_column type=&#8221;4_4&#8243; _builder_version=&#8221;4.27.4&#8243; _module_preset=&#8221;default&#8221; global_colors_info=&#8221;{}&#8221;][revslider_divi revslider_divi=&#8221;%91rev_slider alias=%22les-atmospheres-11%22 slidertitle=%22Les Atmosph\u00e8re EN%22%93%91\/rev_slider%93&#8243; _builder_version=&#8221;4.20.2&#8243; _module_preset=&#8221;default&#8221; global_colors_info=&#8221;{}&#8221;][\/revslider_divi][\/et_pb_column][\/et_pb_row][\/et_pb_section][et_pb_section fb_built=&#8221;1&#8243; _builder_version=&#8221;4.20.2&#8243; _module_preset=&#8221;default&#8221; custom_margin=&#8221;35px||0px||false|false&#8221; custom_padding=&#8221;0px|0px|0px|0px|false|false&#8221; locked=&#8221;off&#8221; global_colors_info=&#8221;{}&#8221;][et_pb_row use_custom_gutter=&#8221;on&#8221; gutter_width=&#8221;2&#8243; _builder_version=&#8221;4.20.2&#8243; _module_preset=&#8221;default&#8221; width=&#8221;90%&#8221; max_width=&#8221;1400px&#8221; custom_margin=&#8221;0px||0px||false|false&#8221; custom_padding=&#8221;0px|0px|20px|0px|false|false&#8221; global_colors_info=&#8221;{}&#8221;][et_pb_column type=&#8221;4_4&#8243; _builder_version=&#8221;4.20.2&#8243; _module_preset=&#8221;default&#8221; custom_css_main_element=&#8221;margin:auto;&#8221; global_colors_info=&#8221;{}&#8221;][dsm_breadcrumbs home_text=&#8221;Accueil&#8221; separator_icon=&#8221;&#x39;||divi||400&#8243; separator_bg_color=&#8221;RGBA(255,255,255,0)&#8221; current_bg_color=&#8221;RGBA(255,255,255,0)&#8221; _builder_version=&#8221;4.20.2&#8243; _module_preset=&#8221;default&#8221; items_text_color=&#8221;#323232&#8243; items_font_size=&#8221;15px&#8221; home_icon_text_color=&#8221;#323232&#8243; separators_text_color=&#8221;#323232&#8243; current_text_color=&#8221;#323232&#8243; current_font_size=&#8221;15px&#8221; global_colors_info=&#8221;{}&#8221;][\/dsm_breadcrumbs][et_pb_text _builder_version=&#8221;4.20.2&#8243; _module_preset=&#8221;bc40b7fe-e3dd-454c-accd-cdafc05eed50&#8243; text_font=&#8221;||||||||&#8221; header_font=&#8221;|300|||||||&#8221; header_font_size=&#8221;40px&#8221; header_2_font=&#8221;Rubik|300|||||||&#8221; header_2_text_color=&#8221;#3e3f3f&#8221; header_2_font_size=&#8221;40px&#8221; custom_margin=&#8221;0px|0px|20px|0px|false|false&#8221; custom_padding=&#8221;0px|0px|0px|0px|false|false&#8221; animation_direction=&#8221;left&#8221; header_2_font_size_tablet=&#8221;48px&#8221; header_2_font_size_phone=&#8221;36px&#8221; header_2_font_size_last_edited=&#8221;on|phone&#8221; header_2_line_height_tablet=&#8221;1em&#8221; header_2_line_height_phone=&#8221;1em&#8221; header_2_line_height_last_edited=&#8221;on|desktop&#8221; inline_fonts=&#8221;Gotham Bold&#8221; global_colors_info=&#8221;{}&#8221;]<\/p>\n<h1><strong>The 6 major themes<\/strong> of the &#8220;Atmosph\u00e8re&#8221;<\/h1>\n<p>[\/et_pb_text][et_pb_text _builder_version=&#8221;4.20.2&#8243; _module_preset=&#8221;default&#8221; text_font=&#8221;Rubik|300|||||||&#8221; text_text_color=&#8221;#323232&#8243; text_font_size=&#8221;25px&#8221; custom_margin=&#8221;0px||0px||false|false&#8221; custom_padding=&#8221;10px||10px||true|false&#8221; global_colors_info=&#8221;{}&#8221;]<\/p>\n<p><strong>Thematic spaces<\/strong> dedicated to exhibitors and partners, allowing them to present their projects, solutions and initiatives<strong> in 45 minutes<\/strong>, and to strengthen the capacity for action within the territories.<\/p>\n<p>[\/et_pb_text][\/et_pb_column][\/et_pb_row][et_pb_row column_structure=&#8221;1_3,1_3,1_3&#8243; use_custom_gutter=&#8221;on&#8221; gutter_width=&#8221;2&#8243; _builder_version=&#8221;4.20.2&#8243; _module_preset=&#8221;default&#8221; width=&#8221;90%&#8221; max_width=&#8221;1400px&#8221; custom_margin=&#8221;0px||20px||false|false&#8221; custom_padding=&#8221;0px||0px||false|false&#8221; global_colors_info=&#8221;{}&#8221;][et_pb_column type=&#8221;1_3&#8243; _builder_version=&#8221;4.20.2&#8243; _module_preset=&#8221;default&#8221; global_colors_info=&#8221;{}&#8221;][et_pb_image src=&#8221;https:\/\/www.salondesmaires.com\/app\/uploads\/2026\/03\/Foncier-Sol-et-Ressources-scaled.jpeg&#8221; alt=&#8221;Foncier Sol et Ressources&#8221; title_text=&#8221;Foncier Sol et Ressources&#8221; show_bottom_space=&#8221;off&#8221; _builder_version=&#8221;4.20.2&#8243; _module_preset=&#8221;default&#8221; custom_margin=&#8221;0px||0px||false|false&#8221; custom_padding=&#8221;0px||0px||false|false&#8221; border_radii=&#8221;on|10px|10px|10px|10px&#8221; global_colors_info=&#8221;{}&#8221;][\/et_pb_image][et_pb_text _builder_version=&#8221;4.20.2&#8243; _module_preset=&#8221;default&#8221; text_font=&#8221;Rubik|300|||||||&#8221; text_text_color=&#8221;#323232&#8243; text_font_size=&#8221;25px&#8221; header_3_font_size=&#8221;25px&#8221; custom_margin=&#8221;20px||20px||true|false&#8221; custom_padding=&#8221;0px||0px||false|false&#8221; hover_enabled=&#8221;0&#8243; global_colors_info=&#8221;{}&#8221; sticky_enabled=&#8221;0&#8243;]<\/p>\n<h3 style=\"text-align: left;\"><strong data-start=\"70\" data-end=\"114\">Land management, Soil and Resources<\/strong><\/h3>\n<p>[\/et_pb_text][et_pb_text _builder_version=&#8221;4.20.2&#8243; _module_preset=&#8221;default&#8221; text_font=&#8221;Rubik|300|||||||&#8221; text_text_color=&#8221;#323232&#8243; text_font_size=&#8221;25px&#8221; header_3_text_color=&#8221;#FFD336&#8243; header_3_font_size=&#8221;25px&#8221; custom_margin=&#8221;-28px||0px||false|false&#8221; custom_padding=&#8221;0px||0px||false|false&#8221; global_colors_info=&#8221;{}&#8221;]<\/p>\n<h3 style=\"text-align: left;\"><em><strong data-start=\"70\" data-end=\"114\">NEW THIS YEAR<\/strong><\/em><\/h3>\n<p>[\/et_pb_text][et_pb_text _builder_version=&#8221;4.20.2&#8243; _module_preset=&#8221;default&#8221; text_text_color=&#8221;#9b5416&#8243; text_font_size=&#8221;16px&#8221; custom_margin=&#8221;0px||||false|false&#8221; custom_padding=&#8221;0px||||false|false&#8221; global_colors_info=&#8221;{}&#8221;]<\/p>\n<p><i>Pavilion 7.2 \u2013 Construction &amp; Urban Development<\/i><\/p>\n<p>[\/et_pb_text][et_pb_text _builder_version=&#8221;4.20.2&#8243; _module_preset=&#8221;default&#8221; text_font=&#8221;Rubik|300|||||||&#8221; text_text_color=&#8221;#323232&#8243; text_font_size=&#8221;20px&#8221; custom_margin=&#8221;0px||0px||false|false&#8221; custom_padding=&#8221;0px||0px||false|false&#8221; global_colors_info=&#8221;{}&#8221;]<\/p>\n<p>How can sustainable land management be organized in a context of resource efficiency and zero net land take, reconciling housing, economic activities and public facilities with the preservation of land and ecological balance in order to strengthen the attractiveness of the territory?<\/p>\n<p>[\/et_pb_text][\/et_pb_column][et_pb_column type=&#8221;1_3&#8243; _builder_version=&#8221;4.20.2&#8243; _module_preset=&#8221;default&#8221; custom_padding=&#8221;0px|0px|0px|0px|false|false&#8221; global_colors_info=&#8221;{}&#8221;][et_pb_image src=&#8221;https:\/\/www.salondesmaires.com\/app\/uploads\/2026\/03\/Mobilite-et-Logistique-scaled.jpeg&#8221; alt=&#8221;Mobilit\u00e9 et Logistique&#8221; title_text=&#8221;Mobilit\u00e9 et Logistique&#8221; show_bottom_space=&#8221;off&#8221; _builder_version=&#8221;4.20.2&#8243; _module_preset=&#8221;default&#8221; custom_margin=&#8221;0px||0px||false|false&#8221; custom_padding=&#8221;0px||0px||false|false&#8221; border_radii=&#8221;on|10px|10px|10px|10px&#8221; global_colors_info=&#8221;{}&#8221;][\/et_pb_image][et_pb_text _builder_version=&#8221;4.20.2&#8243; _module_preset=&#8221;default&#8221; text_font=&#8221;Rubik|300|||||||&#8221; text_text_color=&#8221;#323232&#8243; text_font_size=&#8221;25px&#8221; header_3_font_size=&#8221;25px&#8221; custom_margin=&#8221;20px||20px||true|false&#8221; custom_padding=&#8221;0px||0px||false|false&#8221; global_colors_info=&#8221;{}&#8221;]<\/p>\n<h3 style=\"text-align: left;\"><strong data-start=\"70\" data-end=\"114\">Mobility and Logistics<\/strong><\/h3>\n<p>[\/et_pb_text][et_pb_text _builder_version=&#8221;4.20.2&#8243; _module_preset=&#8221;default&#8221; text_font=&#8221;Rubik|300|||||||&#8221; text_text_color=&#8221;#323232&#8243; text_font_size=&#8221;25px&#8221; header_3_text_color=&#8221;#FFD336&#8243; header_3_font_size=&#8221;25px&#8221; custom_margin=&#8221;-28px||0px||false|false&#8221; custom_padding=&#8221;0px||0px||false|false&#8221; global_colors_info=&#8221;{}&#8221;]<\/p>\n<h3 style=\"text-align: left;\"><em><strong data-start=\"70\" data-end=\"114\">NEW THIS YEAR<\/strong><\/em><\/h3>\n<p>[\/et_pb_text][et_pb_text _builder_version=&#8221;4.20.2&#8243; _module_preset=&#8221;default&#8221; text_text_color=&#8221;#ec7620&#8243; text_font_size=&#8221;16px&#8221; global_colors_info=&#8221;{}&#8221;]<\/p>\n<p><i>Pavilion 7.3 \u2013 Transport &amp; Mobility<\/i><\/p>\n<p>[\/et_pb_text][et_pb_text _builder_version=&#8221;4.20.2&#8243; _module_preset=&#8221;default&#8221; text_font=&#8221;Rubik|300|||||||&#8221; text_text_color=&#8221;#323232&#8243; text_font_size=&#8221;20px&#8221; custom_margin=&#8221;0px||20px||false|false&#8221; custom_padding=&#8221;0px||20px||false|false&#8221; global_colors_info=&#8221;{}&#8221;]<\/p>\n<p>Providing accessible, resource\u2011efficient and locally adapted mobility infrastructures and services by coordinating flows, networks and stakeholders to enhance attractiveness and quality of life.<\/p>\n<p>[\/et_pb_text][\/et_pb_column][et_pb_column type=&#8221;1_3&#8243; _builder_version=&#8221;4.20.2&#8243; _module_preset=&#8221;default&#8221; custom_padding=&#8221;0px|0px|0px|0px|false|false&#8221; global_colors_info=&#8221;{}&#8221;][et_pb_image src=&#8221;https:\/\/www.salondesmaires.com\/app\/uploads\/2026\/03\/Prevention-et-Gestion-des-Risques-scaled.jpeg&#8221; alt=&#8221;Pr\u00e9vention et Gestion des risques&#8221; title_text=&#8221;Digital rendering of an umbrella over a globe amidst rainfall, signifying protection&#8221; show_bottom_space=&#8221;off&#8221; force_fullwidth=&#8221;on&#8221; _builder_version=&#8221;4.20.2&#8243; _module_preset=&#8221;default&#8221; height=&#8221;235px&#8221; max_height=&#8221;1000px&#8221; custom_margin=&#8221;0px||0px||false|false&#8221; custom_padding=&#8221;0px||0px||false|false&#8221; border_radii=&#8221;on|10px|10px|10px|10px&#8221; global_colors_info=&#8221;{}&#8221;][\/et_pb_image][et_pb_text _builder_version=&#8221;4.20.2&#8243; _module_preset=&#8221;default&#8221; text_font=&#8221;Rubik|300|||||||&#8221; text_text_color=&#8221;#323232&#8243; text_font_size=&#8221;25px&#8221; header_3_font_size=&#8221;25px&#8221; custom_margin=&#8221;20px||20px||true|false&#8221; custom_padding=&#8221;0px||0px||false|false&#8221; hover_enabled=&#8221;0&#8243; global_colors_info=&#8221;{}&#8221; sticky_enabled=&#8221;0&#8243;]<\/p>\n<h3 style=\"text-align: left;\"><strong data-start=\"70\" data-end=\"114\">Risk Management &amp; Security<\/strong><\/h3>\n<p>[\/et_pb_text][et_pb_text _builder_version=&#8221;4.20.2&#8243; _module_preset=&#8221;default&#8221; text_font=&#8221;Rubik|300|||||||&#8221; text_text_color=&#8221;#323232&#8243; text_font_size=&#8221;25px&#8221; header_3_text_color=&#8221;#FFD336&#8243; header_3_font_size=&#8221;25px&#8221; custom_margin=&#8221;-28px||0px||false|false&#8221; custom_padding=&#8221;0px||0px||false|false&#8221; global_colors_info=&#8221;{}&#8221;]<\/p>\n<h3 style=\"text-align: left;\"><em><strong data-start=\"70\" data-end=\"114\">NEW THIS YEAR<\/strong><\/em><\/h3>\n<p>[\/et_pb_text][et_pb_text _builder_version=&#8221;4.20.2&#8243; _module_preset=&#8221;default&#8221; text_text_color=&#8221;#e20519&#8243; text_font_size=&#8221;16px&#8221; global_colors_info=&#8221;{}&#8221;]<\/p>\n<p><i>Pavilion 7.2 \u2013 <\/i><i>Safety, Risk Management &amp; Protection<\/i><\/p>\n<p>[\/et_pb_text][et_pb_text _builder_version=&#8221;4.20.2&#8243; _module_preset=&#8221;default&#8221; text_font=&#8221;Rubik|300|||||||&#8221; text_text_color=&#8221;#323232&#8243; text_font_size=&#8221;20px&#8221; custom_margin=&#8221;0px||0px||false|false&#8221; custom_padding=&#8221;0px||20px||false|false&#8221; global_colors_info=&#8221;{}&#8221;]<\/p>\n<p>How can we anticipate and manage increasing risks (climatic, health\u2011related, cyber and security risks), strengthen prevention and coordination, ensure continuity of public services, and develop resilience strategies to protect populations and infrastructure?<\/p>\n<p>[\/et_pb_text][\/et_pb_column][\/et_pb_row][et_pb_row column_structure=&#8221;1_3,1_3,1_3&#8243; use_custom_gutter=&#8221;on&#8221; gutter_width=&#8221;2&#8243; _builder_version=&#8221;4.20.2&#8243; _module_preset=&#8221;default&#8221; width=&#8221;90%&#8221; max_width=&#8221;1400px&#8221; custom_margin=&#8221;0px||20px||false|false&#8221; custom_padding=&#8221;0px||0px||false|false&#8221; global_colors_info=&#8221;{}&#8221;][et_pb_column type=&#8221;1_3&#8243; _builder_version=&#8221;4.20.2&#8243; _module_preset=&#8221;default&#8221; global_colors_info=&#8221;{}&#8221;][et_pb_image src=&#8221;https:\/\/www.salondesmaires.com\/app\/uploads\/2026\/03\/Planification-ecologique-et-sobriete-energetique-scaled.jpeg&#8221; alt=&#8221;Planification \u00e9cologique et sobri\u00e9t\u00e9 \u00e9nerg\u00e9tique&#8221; title_text=&#8221;Planification \u00e9cologique et sobri\u00e9t\u00e9 \u00e9nerg\u00e9tique&#8221; show_bottom_space=&#8221;off&#8221; _builder_version=&#8221;4.20.2&#8243; _module_preset=&#8221;default&#8221; custom_margin=&#8221;0px||0px||false|false&#8221; custom_padding=&#8221;0px||0px||false|false&#8221; border_radii=&#8221;on|10px|10px|10px|10px&#8221; global_colors_info=&#8221;{}&#8221;][\/et_pb_image][et_pb_text _builder_version=&#8221;4.20.2&#8243; _module_preset=&#8221;default&#8221; text_font=&#8221;Rubik|300|||||||&#8221; text_text_color=&#8221;#323232&#8243; text_font_size=&#8221;25px&#8221; header_3_font_size=&#8221;25px&#8221; custom_margin=&#8221;20px||0px||false|false&#8221; custom_padding=&#8221;0px||0px||false|false&#8221; hover_enabled=&#8221;0&#8243; global_colors_info=&#8221;{}&#8221; sticky_enabled=&#8221;0&#8243;]<\/p>\n<h3 style=\"text-align: left;\"><strong data-start=\"70\" data-end=\"114\">Ecological Planning and Energy Sufficiency<\/strong><\/h3>\n<p>[\/et_pb_text][et_pb_text _builder_version=&#8221;4.20.2&#8243; _module_preset=&#8221;default&#8221; text_text_color=&#8221;#a4b21b&#8221; text_font_size=&#8221;16px&#8221; global_colors_info=&#8221;{}&#8221;]<\/p>\n<p><i>Pavilion 7.2 \u2013 Environment &amp; Quality of life<\/i><\/p>\n<p>[\/et_pb_text][et_pb_text _builder_version=&#8221;4.20.2&#8243; _module_preset=&#8221;default&#8221; text_font=&#8221;Rubik|300|||||||&#8221; text_text_color=&#8221;#323232&#8243; text_font_size=&#8221;20px&#8221; custom_margin=&#8221;0px||20px||false|false&#8221; custom_padding=&#8221;0px||20px||false|false&#8221; global_colors_info=&#8221;{}&#8221;]<\/p>\n<p>Planning and accelerating the ecological and environmental transition within territories by leveraging all available levers and stakeholders.<\/p>\n<p>[\/et_pb_text][\/et_pb_column][et_pb_column type=&#8221;1_3&#8243; _builder_version=&#8221;4.20.2&#8243; _module_preset=&#8221;default&#8221; custom_padding=&#8221;0px|0px|0px|0px|false|false&#8221; global_colors_info=&#8221;{}&#8221;][et_pb_image src=&#8221;https:\/\/www.salondesmaires.com\/app\/uploads\/2026\/03\/Qualite-de-vie-et-Longevite-scaled.jpeg&#8221; alt=&#8221;Qualit\u00e9 de vie et Long\u00e9vit\u00e9&#8221; title_text=&#8221;Qualit\u00e9 de vie et Long\u00e9vit\u00e9&#8221; show_bottom_space=&#8221;off&#8221; _builder_version=&#8221;4.20.2&#8243; _module_preset=&#8221;default&#8221; custom_margin=&#8221;0px||0px||false|false&#8221; custom_padding=&#8221;0px||0px||false|false&#8221; border_radii=&#8221;on|10px|10px|10px|10px&#8221; global_colors_info=&#8221;{}&#8221;][\/et_pb_image][et_pb_text _builder_version=&#8221;4.20.2&#8243; _module_preset=&#8221;default&#8221; text_font=&#8221;Rubik|300|||||||&#8221; text_text_color=&#8221;#323232&#8243; text_font_size=&#8221;25px&#8221; header_3_font_size=&#8221;25px&#8221; custom_margin=&#8221;20px||0px||false|false&#8221; custom_padding=&#8221;0px||0px||false|false&#8221; hover_enabled=&#8221;0&#8243; global_colors_info=&#8221;{}&#8221; sticky_enabled=&#8221;0&#8243;]<\/p>\n<h3 style=\"text-align: left;\"><strong data-start=\"70\" data-end=\"114\">Quality of Life and Ageing Well<\/strong><\/h3>\n<p>[\/et_pb_text][et_pb_text _builder_version=&#8221;4.20.2&#8243; _module_preset=&#8221;default&#8221; text_text_color=&#8221;#e95899&#8243; text_font_size=&#8221;16px&#8221; custom_margin=&#8221;||||false|false&#8221; global_colors_info=&#8221;{}&#8221;]<\/p>\n<p><i>Pavilion 7.1 \u2013 Health, Social Services &amp; Community life<\/i><\/p>\n<p>[\/et_pb_text][et_pb_text _builder_version=&#8221;4.20.2&#8243; _module_preset=&#8221;default&#8221; text_font=&#8221;Rubik|300|||||||&#8221; text_text_color=&#8221;#323232&#8243; text_font_size=&#8221;20px&#8221; custom_margin=&#8221;0px||0px||false|false&#8221; custom_padding=&#8221;0px||0px||false|false&#8221; global_colors_info=&#8221;{}&#8221;]<\/p>\n<p>Ensuring a healthy life journey by strengthening prevention, access to healthcare and coordination among local stakeholders in response to demographic and social challenges.<\/p>\n<p>[\/et_pb_text][\/et_pb_column][et_pb_column type=&#8221;1_3&#8243; _builder_version=&#8221;4.20.2&#8243; _module_preset=&#8221;default&#8221; custom_padding=&#8221;0px|0px|0px|0px|false|false&#8221; global_colors_info=&#8221;{}&#8221;][et_pb_image src=&#8221;https:\/\/www.salondesmaires.com\/app\/uploads\/2026\/03\/Numerique-utile-sobre-et-souverain-scaled.jpeg&#8221; alt=&#8221;Num\u00e9rique utile sobre et souverain&#8221; title_text=&#8221;Num\u00e9rique utile sobre et souverain&#8221; show_bottom_space=&#8221;off&#8221; _builder_version=&#8221;4.20.2&#8243; _module_preset=&#8221;default&#8221; custom_margin=&#8221;0px||0px||false|false&#8221; custom_padding=&#8221;0px||0px||false|false&#8221; border_radii=&#8221;on|10px|10px|10px|10px&#8221; global_colors_info=&#8221;{}&#8221;][\/et_pb_image][et_pb_text _builder_version=&#8221;4.20.2&#8243; _module_preset=&#8221;default&#8221; text_font=&#8221;Rubik|300|||||||&#8221; text_text_color=&#8221;#323232&#8243; text_font_size=&#8221;25px&#8221; header_3_font_size=&#8221;25px&#8221; custom_margin=&#8221;20px||0px||false|false&#8221; custom_padding=&#8221;0px||0px||false|false&#8221; hover_enabled=&#8221;0&#8243; global_colors_info=&#8221;{}&#8221; sticky_enabled=&#8221;0&#8243;]<\/p>\n<h3 style=\"text-align: left;\"><strong data-start=\"70\" data-end=\"114\">Useful, Sustainable and Sovereign digital technology<\/strong><\/h3>\n<p>[\/et_pb_text][et_pb_text _builder_version=&#8221;4.20.2&#8243; _module_preset=&#8221;default&#8221; text_text_color=&#8221;#6c2e87&#8243; text_font_size=&#8221;16px&#8221; global_colors_info=&#8221;{}&#8221;]<\/p>\n<p><i>Pavilion 7.3 \u2013 Digital &amp; Connectivity<\/i><\/p>\n<p>[\/et_pb_text][et_pb_text _builder_version=&#8221;4.20.2&#8243; _module_preset=&#8221;default&#8221; text_font=&#8221;Rubik|300|||||||&#8221; text_text_color=&#8221;#323232&#8243; text_font_size=&#8221;20px&#8221; custom_margin=&#8221;0px||0px||true|false&#8221; custom_padding=&#8221;0px||0px||true|false&#8221; global_colors_info=&#8221;{}&#8221;]<\/p>\n<p>Placing digital tools and artificial intelligence at the service of territories, public services and citizens, within a sovereign approach.<\/p>\n<p>[\/et_pb_text][\/et_pb_column][\/et_pb_row][\/et_pb_section]<\/p>\n","protected":false},"excerpt":{"rendered":"<p><div class=\"et_pb_module revslider_divi revslider_divi_0\">\n\t\t\t\t\n\t\t\t\t\n\t\t\t\t\n\t\t\t\t\n\t\t\t\t\n\t\t\t\t\n\t\t\t\t<div class=\"et_pb_module_inner\">\n\t\t\t\t\t\n\t\t\t\t<p class=\"rs-p-wp-fix\"><\/p>\n\t\t\t\t<sr7-module data-alias=\"les-atmospheres-11\" data-id=\"43\" id=\"SR7_43_1\" class=\"rs-ov-hidden\" data-version=\"6.7.32\">\n\t\t\t\t\t<sr7-adjuster><\/sr7-adjuster>\n\t\t\t\t\t<sr7-content>\n\t\t\t\t\t\t<sr7-slide id=\"SR7_43_1-85\" data-key=\"85\">\n\t\t\t\t\t\t\t<sr7-bg id=\"SR7_43_1-85-5\" class=\"sr7-layer\"><noscript><img decoding=\"async\" src=\"https:\/\/www.salondesmaires.com\/app\/uploads\/2026\/03\/SDMCL_conf-atmo-planification-e\u2560ucologique_@EdouardMarano_31-scaled.jpg\" alt=\"SMCL25 Atmosph\u00e8res\" title=\"SMCL25 Atmosph\u00e8res\"><\/noscript><\/sr7-bg>\n\t\t\t\t\t\t\t<sr7-txt id=\"SR7_43_1-85-0\" class=\"sr7-layer\">Atmosph\u00e8re<\/sr7-txt>\n\t\t\t\t\t\t\t<sr7-txt id=\"SR7_43_1-85-1\" class=\"sr7-layer\">The<\/sr7-txt>\n\t\t\t\t\t\t\t<sr7-txt id=\"SR7_43_1-85-2\" class=\"sr7-layer\"><\/sr7-txt>\n\t\t\t\t\t\t<\/sr7-slide>\n\t\t\t\t\t\t<sr7-slide id=\"SR7_43_1-86\" data-key=\"86\">\n\t\t\t\t\t\t<\/sr7-slide>\n\t\t\t\t\t<\/sr7-content>\n\t\t\t\t\t<image_lists style=\"display:none\">\n\t\t\t\t\t\t<img data-src=\"\/\/www.salondesmaires.com\/app\/uploads\/2026\/03\/SDMCL_conf-atmo-planification-e\u2560ucologique_@EdouardMarano_31-scaled.jpg\" data-libid=\"35998\" data-lib=\"medialibrary\" alt=\"SMCL25 Atmosph\u00e8res\" title=\"SMCL25 Atmosph\u00e8res\" width=\"0\" height=\"0\" data-dbsrc=\"Ly93d3cuc2Fsb25kZXNtYWlyZXMuY29tL2FwcC91cGxvYWRzLzIwMjYvMDMvU0RNQ0xfY29uZi1hdG1vLXBsYW5pZmljYXRpb24tZeKVoHVjb2xvZ2lxdWVfQEVkb3VhcmRNYXJhbm9fMzEtc2NhbGVkLmpwZw==\"\/>\n\t\t\t\t\t<\/image_lists>\n\t\t\t\t<\/sr7-module>\n\t\t\t\t<script>\n\t\t\t\t\tSR7.PMH ??={}; SR7.PMH[\"SR7_43_1\"] = {cn:100,state:false,fn: function() { if (_tpt!==undefined && _tpt.prepareModuleHeight !== undefined) {  _tpt.prepareModuleHeight({id:\"SR7_43_1\",el:[500,500,600,500,400],type:'standard',shdw:'0',gh:[500,500,600,500,400],gw:[1774,1774,900,778,480],vpt:['-100px&#039;,&#039;-100px&#039;,&#039;-100px&#039;,&#039;-100px&#039;,&#039;-100px'],size:{fullWidth:true, fullHeight:false},mh:'0',onh:0,onw:0,bg:{color:'{\"orig\":\"transparent\",\"type\":\"solid\",\"string\":\"transparent\"}'}});   SR7.PMH[\"SR7_43_1\"].state=true;} else if(SR7.PMH[\"SR7_43_1\"].cn-->0)\tsetTimeout( SR7.PMH[\"SR7_43_1\"].fn,19);}};SR7.PMH[\"SR7_43_1\" ].fn();\n\t\t\t\t<\/script>\n\n\t\t\t\t<\/div>\n\t\t\t<\/div><div class=\"et_pb_module dsm_breadcrumbs dsm_breadcrumbs_0\">\n\t\t\t\t\n\t\t\t\t\n\t\t\t\t\n\t\t\t\t\n\t\t\t\t\n\t\t\t\t\n\t\t\t\t<div class=\"et_pb_module_inner\">\n\t\t\t\t\t<nav class=\"dsm_breadcrumbs_wrap\">\n\t\t\t\t<ul class=\"dsm_breadcrumbs\" itemscope itemtype=\"https:\/\/schema.org\/BreadcrumbList\">\t\t\t<li class=\"dsm_breadcrumbs_item dsm_home_item dsm_home_item_custom\" itemprop=\"itemListElement\" itemscope\n\t\t\titemtype=\"https:\/\/schema.org\/ListItem\">\n\t\t\t\t<a href=\"https:\/\/www.salondesmaires.com\/en\/\" itemprop=\"item\" target=\"\">\n\t\t\t\t\t<span class='dsm_home_text_wrapper'>\n\t\t\t\t\t\t\t\t\t\t\t\t\t<span class=\"et-pb-icon dsm_home_icon\">\ue009<\/span>\n\t\t\t\t\t\t\t\t\t\t\t\t\t<span class=\"dsm_home_text\" itemprop=\"name\">\n\t\t\t\t\t\t\t\tAccueil\t\t\t\t\t\t\t<\/span>\n\t\t\t\t\t<\/span>\n\t\t\t\t<\/a>\n\t\t\t\t<meta itemprop=\"position\" content=\"1\" \/>\n\t\t\t<\/li>\n\n\t\t<li class=\"dsm_breadcrumbs_separator\"> <span class=\"et-pb-icon dsm_separator_icon\">&#x39;<\/span><\/li><\/ul>\n\t\t\t<\/nav>\n\t\t\t\t<\/div>\n\t\t\t<\/div>The 6 major themes of the &#8220;Atmosph\u00e8re&#8221;Thematic spaces dedicated to exhibitors and partners, allowing them to present their projects, solutions and initiatives in 45 minutes, and to strengthen the capacity for action within the territories.Land management, Soil and ResourcesNEW THIS YEARPavilion 7.2 \u2013 Construction &amp; Urban DevelopmentHow can sustainable land management be organized in a context of resource efficiency and zero net land take, reconciling housing, economic activities and public facilities with the preservation of land and ecological balance in order to strengthen the attractiveness of the territory?Mobility and LogisticsNEW THIS YEARPavilion 7.3 \u2013 Transport &amp; MobilityProviding accessible, resource\u2011efficient and locally adapted mobility infrastructures and services by coordinating flows, networks and stakeholders to enhance attractiveness and quality of life.Risk Management &amp; SecurityNEW THIS YEARPavilion 7.2 \u2013 Safety, Risk Management &amp; ProtectionHow can we anticipate and manage increasing risks (climatic, health\u2011related, cyber and security risks), strengthen prevention and coordination, ensure continuity of public services, and develop resilience strategies to protect populations and infrastructure?Ecological Planning and Energy SufficiencyPavilion 7.2 \u2013 Environment &amp; Quality of lifePlanning and accelerating the ecological and environmental [&hellip;]<\/p>\n","protected":false},"author":10,"featured_media":19581,"parent":29530,"menu_order":0,"comment_status":"closed","ping_status":"closed","template":"","meta":{"_acf_changed":false,"_et_pb_use_builder":"on","_et_pb_old_content":"","_et_gb_content_width":"","inline_featured_image":false,"footnotes":""},"class_list":["post-29597","page","type-page","status-publish","has-post-thumbnail","hentry"],"acf":[],"yoast_head":"<!-- This site is optimized with the Yoast SEO plugin v26.3 - https:\/\/yoast.com\/wordpress\/plugins\/seo\/ -->\n<title>The Atmosph\u00e8re - Salon des maires<\/title>\n<meta name=\"robots\" content=\"index, follow, max-snippet:-1, max-image-preview:large, max-video-preview:-1\" \/>\n<link rel=\"canonical\" href=\"https:\/\/www.salondesmaires.com\/en\/speaking-areas\/atmosphere\/\" \/>\n<meta property=\"og:locale\" content=\"en_US\" \/>\n<meta property=\"og:type\" content=\"article\" \/>\n<meta property=\"og:title\" content=\"The Atmosph\u00e8re - Salon des maires\" \/>\n<meta property=\"og:description\" content=\"The 6 major themes of the &quot;Atmosph\u00e8re&quot;Thematic spaces dedicated to exhibitors and partners, allowing them to present their projects, solutions and initiatives in 45 minutes, and to strengthen the capacity for action within the territories.Land management, Soil and ResourcesNEW THIS YEARPavilion 7.2 \u2013 Construction &amp; Urban DevelopmentHow can sustainable land management be organized in a context of resource efficiency and zero net land take, reconciling housing, economic activities and public facilities with the preservation of land and ecological balance in order to strengthen the attractiveness of the territory?Mobility and LogisticsNEW THIS YEARPavilion 7.3 \u2013 Transport &amp; MobilityProviding accessible, resource\u2011efficient and locally adapted mobility infrastructures and services by coordinating flows, networks and stakeholders to enhance attractiveness and quality of life.Risk Management &amp; SecurityNEW THIS YEARPavilion 7.2 \u2013 Safety, Risk Management &amp; ProtectionHow can we anticipate and manage increasing risks (climatic, health\u2011related, cyber and security risks), strengthen prevention and coordination, ensure continuity of public services, and develop resilience strategies to protect populations and infrastructure?Ecological Planning and Energy SufficiencyPavilion 7.2 \u2013 Environment &amp; Quality of lifePlanning and accelerating the ecological and environmental [&hellip;]\" \/>\n<meta property=\"og:url\" content=\"https:\/\/www.salondesmaires.com\/en\/speaking-areas\/atmosphere\/\" \/>\n<meta property=\"og:site_name\" content=\"Salon des maires\" \/>\n<meta property=\"article:modified_time\" content=\"2026-04-13T08:42:15+00:00\" \/>\n<meta property=\"og:image\" content=\"https:\/\/www.salondesmaires.com\/app\/uploads\/2024\/07\/AdobeStock_722441630-scaled-e1719823917657-1024x404-1.jpeg\" \/>\n\t<meta property=\"og:image:width\" content=\"1024\" \/>\n\t<meta property=\"og:image:height\" content=\"404\" \/>\n\t<meta property=\"og:image:type\" content=\"image\/jpeg\" \/>\n<meta name=\"twitter:card\" content=\"summary_large_image\" \/>\n<meta name=\"twitter:label1\" content=\"Est. reading time\" \/>\n\t<meta name=\"twitter:data1\" content=\"8 minutes\" \/>\n<script type=\"application\/ld+json\" class=\"yoast-schema-graph\">{\"@context\":\"https:\/\/schema.org\",\"@graph\":[{\"@type\":\"WebPage\",\"@id\":\"https:\/\/www.salondesmaires.com\/en\/speaking-areas\/atmosphere\/\",\"url\":\"https:\/\/www.salondesmaires.com\/en\/speaking-areas\/atmosphere\/\",\"name\":\"The Atmosph\u00e8re - Salon des maires\",\"isPartOf\":{\"@id\":\"https:\/\/www.salondesmaires.com\/#website\"},\"primaryImageOfPage\":{\"@id\":\"https:\/\/www.salondesmaires.com\/en\/speaking-areas\/atmosphere\/#primaryimage\"},\"image\":{\"@id\":\"https:\/\/www.salondesmaires.com\/en\/speaking-areas\/atmosphere\/#primaryimage\"},\"thumbnailUrl\":\"https:\/\/www.salondesmaires.com\/app\/uploads\/2024\/07\/AdobeStock_722441630-scaled-e1719823917657-1024x404-1.jpeg\",\"datePublished\":\"2025-08-06T09:02:22+00:00\",\"dateModified\":\"2026-04-13T08:42:15+00:00\",\"breadcrumb\":{\"@id\":\"https:\/\/www.salondesmaires.com\/en\/speaking-areas\/atmosphere\/#breadcrumb\"},\"inLanguage\":\"en-US\",\"potentialAction\":[{\"@type\":\"ReadAction\",\"target\":[\"https:\/\/www.salondesmaires.com\/en\/speaking-areas\/atmosphere\/\"]}]},{\"@type\":\"ImageObject\",\"inLanguage\":\"en-US\",\"@id\":\"https:\/\/www.salondesmaires.com\/en\/speaking-areas\/atmosphere\/#primaryimage\",\"url\":\"https:\/\/www.salondesmaires.com\/app\/uploads\/2024\/07\/AdobeStock_722441630-scaled-e1719823917657-1024x404-1.jpeg\",\"contentUrl\":\"https:\/\/www.salondesmaires.com\/app\/uploads\/2024\/07\/AdobeStock_722441630-scaled-e1719823917657-1024x404-1.jpeg\",\"width\":1024,\"height\":404,\"caption\":\"Salon des Maires - Prix de l'innovation, Cat\u00e9gorie Solidarit\u00e9 & Inclusion\"},{\"@type\":\"BreadcrumbList\",\"@id\":\"https:\/\/www.salondesmaires.com\/en\/speaking-areas\/atmosphere\/#breadcrumb\",\"itemListElement\":[{\"@type\":\"ListItem\",\"position\":1,\"name\":\"Home\",\"item\":\"https:\/\/www.salondesmaires.com\/\"},{\"@type\":\"ListItem\",\"position\":2,\"name\":\"Speaking areas\",\"item\":\"https:\/\/www.salondesmaires.com\/en\/speaking-areas\/\"},{\"@type\":\"ListItem\",\"position\":3,\"name\":\"The Atmosph\u00e8re\"}]},{\"@type\":\"WebSite\",\"@id\":\"https:\/\/www.salondesmaires.com\/#website\",\"url\":\"https:\/\/www.salondesmaires.com\/\",\"name\":\"Salon des Maires et des Collectivit\u00e9s locales\",\"description\":\"Le Meilleur en Commun\",\"publisher\":{\"@id\":\"https:\/\/www.salondesmaires.com\/#organization\"},\"alternateName\":\"Salon des Maires\",\"potentialAction\":[{\"@type\":\"SearchAction\",\"target\":{\"@type\":\"EntryPoint\",\"urlTemplate\":\"https:\/\/www.salondesmaires.com\/?s={search_term_string}\"},\"query-input\":{\"@type\":\"PropertyValueSpecification\",\"valueRequired\":true,\"valueName\":\"search_term_string\"}}],\"inLanguage\":\"en-US\"},{\"@type\":\"Organization\",\"@id\":\"https:\/\/www.salondesmaires.com\/#organization\",\"name\":\"Salon des maires et des Collectivit\u00e9s locales\",\"url\":\"https:\/\/www.salondesmaires.com\/\",\"logo\":{\"@type\":\"ImageObject\",\"inLanguage\":\"en-US\",\"@id\":\"https:\/\/www.salondesmaires.com\/#\/schema\/logo\/image\/\",\"url\":\"https:\/\/www.salondesmaires.com\/app\/uploads\/2024\/07\/SMCL.jpg\",\"contentUrl\":\"https:\/\/www.salondesmaires.com\/app\/uploads\/2024\/07\/SMCL.jpg\",\"width\":300,\"height\":103,\"caption\":\"Salon des maires et des Collectivit\u00e9s locales\"},\"image\":{\"@id\":\"https:\/\/www.salondesmaires.com\/#\/schema\/logo\/image\/\"}}]}<\/script>\n<!-- \/ Yoast SEO plugin. -->","yoast_head_json":{"title":"The Atmosph\u00e8re - Salon des maires","robots":{"index":"index","follow":"follow","max-snippet":"max-snippet:-1","max-image-preview":"max-image-preview:large","max-video-preview":"max-video-preview:-1"},"canonical":"https:\/\/www.salondesmaires.com\/en\/speaking-areas\/atmosphere\/","og_locale":"en_US","og_type":"article","og_title":"The Atmosph\u00e8re - Salon des maires","og_description":"The 6 major themes of the \"Atmosph\u00e8re\"Thematic spaces dedicated to exhibitors and partners, allowing them to present their projects, solutions and initiatives in 45 minutes, and to strengthen the capacity for action within the territories.Land management, Soil and ResourcesNEW THIS YEARPavilion 7.2 \u2013 Construction &amp; Urban DevelopmentHow can sustainable land management be organized in a context of resource efficiency and zero net land take, reconciling housing, economic activities and public facilities with the preservation of land and ecological balance in order to strengthen the attractiveness of the territory?Mobility and LogisticsNEW THIS YEARPavilion 7.3 \u2013 Transport &amp; MobilityProviding accessible, resource\u2011efficient and locally adapted mobility infrastructures and services by coordinating flows, networks and stakeholders to enhance attractiveness and quality of life.Risk Management &amp; SecurityNEW THIS YEARPavilion 7.2 \u2013 Safety, Risk Management &amp; ProtectionHow can we anticipate and manage increasing risks (climatic, health\u2011related, cyber and security risks), strengthen prevention and coordination, ensure continuity of public services, and develop resilience strategies to protect populations and infrastructure?Ecological Planning and Energy SufficiencyPavilion 7.2 \u2013 Environment &amp; Quality of lifePlanning and accelerating the ecological and environmental [&hellip;]","og_url":"https:\/\/www.salondesmaires.com\/en\/speaking-areas\/atmosphere\/","og_site_name":"Salon des maires","article_modified_time":"2026-04-13T08:42:15+00:00","og_image":[{"width":1024,"height":404,"url":"https:\/\/www.salondesmaires.com\/app\/uploads\/2024\/07\/AdobeStock_722441630-scaled-e1719823917657-1024x404-1.jpeg","type":"image\/jpeg"}],"twitter_card":"summary_large_image","twitter_misc":{"Est. reading time":"8 minutes"},"schema":{"@context":"https:\/\/schema.org","@graph":[{"@type":"WebPage","@id":"https:\/\/www.salondesmaires.com\/en\/speaking-areas\/atmosphere\/","url":"https:\/\/www.salondesmaires.com\/en\/speaking-areas\/atmosphere\/","name":"The Atmosph\u00e8re - Salon des maires","isPartOf":{"@id":"https:\/\/www.salondesmaires.com\/#website"},"primaryImageOfPage":{"@id":"https:\/\/www.salondesmaires.com\/en\/speaking-areas\/atmosphere\/#primaryimage"},"image":{"@id":"https:\/\/www.salondesmaires.com\/en\/speaking-areas\/atmosphere\/#primaryimage"},"thumbnailUrl":"https:\/\/www.salondesmaires.com\/app\/uploads\/2024\/07\/AdobeStock_722441630-scaled-e1719823917657-1024x404-1.jpeg","datePublished":"2025-08-06T09:02:22+00:00","dateModified":"2026-04-13T08:42:15+00:00","breadcrumb":{"@id":"https:\/\/www.salondesmaires.com\/en\/speaking-areas\/atmosphere\/#breadcrumb"},"inLanguage":"en-US","potentialAction":[{"@type":"ReadAction","target":["https:\/\/www.salondesmaires.com\/en\/speaking-areas\/atmosphere\/"]}]},{"@type":"ImageObject","inLanguage":"en-US","@id":"https:\/\/www.salondesmaires.com\/en\/speaking-areas\/atmosphere\/#primaryimage","url":"https:\/\/www.salondesmaires.com\/app\/uploads\/2024\/07\/AdobeStock_722441630-scaled-e1719823917657-1024x404-1.jpeg","contentUrl":"https:\/\/www.salondesmaires.com\/app\/uploads\/2024\/07\/AdobeStock_722441630-scaled-e1719823917657-1024x404-1.jpeg","width":1024,"height":404,"caption":"Salon des Maires - Prix de l'innovation, Cat\u00e9gorie Solidarit\u00e9 & Inclusion"},{"@type":"BreadcrumbList","@id":"https:\/\/www.salondesmaires.com\/en\/speaking-areas\/atmosphere\/#breadcrumb","itemListElement":[{"@type":"ListItem","position":1,"name":"Home","item":"https:\/\/www.salondesmaires.com\/"},{"@type":"ListItem","position":2,"name":"Speaking areas","item":"https:\/\/www.salondesmaires.com\/en\/speaking-areas\/"},{"@type":"ListItem","position":3,"name":"The Atmosph\u00e8re"}]},{"@type":"WebSite","@id":"https:\/\/www.salondesmaires.com\/#website","url":"https:\/\/www.salondesmaires.com\/","name":"Salon des Maires et des Collectivit\u00e9s locales","description":"Le Meilleur en Commun","publisher":{"@id":"https:\/\/www.salondesmaires.com\/#organization"},"alternateName":"Salon des Maires","potentialAction":[{"@type":"SearchAction","target":{"@type":"EntryPoint","urlTemplate":"https:\/\/www.salondesmaires.com\/?s={search_term_string}"},"query-input":{"@type":"PropertyValueSpecification","valueRequired":true,"valueName":"search_term_string"}}],"inLanguage":"en-US"},{"@type":"Organization","@id":"https:\/\/www.salondesmaires.com\/#organization","name":"Salon des maires et des Collectivit\u00e9s locales","url":"https:\/\/www.salondesmaires.com\/","logo":{"@type":"ImageObject","inLanguage":"en-US","@id":"https:\/\/www.salondesmaires.com\/#\/schema\/logo\/image\/","url":"https:\/\/www.salondesmaires.com\/app\/uploads\/2024\/07\/SMCL.jpg","contentUrl":"https:\/\/www.salondesmaires.com\/app\/uploads\/2024\/07\/SMCL.jpg","width":300,"height":103,"caption":"Salon des maires et des Collectivit\u00e9s locales"},"image":{"@id":"https:\/\/www.salondesmaires.com\/#\/schema\/logo\/image\/"}}]}},"_links":{"self":[{"href":"https:\/\/www.salondesmaires.com\/en\/wp-json\/wp\/v2\/pages\/29597","targetHints":{"allow":["GET"]}}],"collection":[{"href":"https:\/\/www.salondesmaires.com\/en\/wp-json\/wp\/v2\/pages"}],"about":[{"href":"https:\/\/www.salondesmaires.com\/en\/wp-json\/wp\/v2\/types\/page"}],"author":[{"embeddable":true,"href":"https:\/\/www.salondesmaires.com\/en\/wp-json\/wp\/v2\/users\/10"}],"replies":[{"embeddable":true,"href":"https:\/\/www.salondesmaires.com\/en\/wp-json\/wp\/v2\/comments?post=29597"}],"version-history":[{"count":28,"href":"https:\/\/www.salondesmaires.com\/en\/wp-json\/wp\/v2\/pages\/29597\/revisions"}],"predecessor-version":[{"id":36212,"href":"https:\/\/www.salondesmaires.com\/en\/wp-json\/wp\/v2\/pages\/29597\/revisions\/36212"}],"up":[{"embeddable":true,"href":"https:\/\/www.salondesmaires.com\/en\/wp-json\/wp\/v2\/pages\/29530"}],"wp:featuredmedia":[{"embeddable":true,"href":"https:\/\/www.salondesmaires.com\/en\/wp-json\/wp\/v2\/media\/19581"}],"wp:attachment":[{"href":"https:\/\/www.salondesmaires.com\/en\/wp-json\/wp\/v2\/media?parent=29597"}],"curies":[{"name":"wp","href":"https:\/\/api.w.org\/{rel}","templated":true}]}}