{"id":35183,"date":"2025-12-22T17:27:27","date_gmt":"2025-12-22T16:27:27","guid":{"rendered":"https:\/\/www.salondesmaires.com\/?page_id=35183"},"modified":"2026-02-17T10:25:31","modified_gmt":"2026-02-17T09:25:31","slug":"official-visits","status":"publish","type":"page","link":"https:\/\/www.salondesmaires.com\/en\/medias\/photo-library-2025\/official-visits\/","title":{"rendered":"Official visits"},"content":{"rendered":"<p>[et_pb_section fb_built=&#8221;1&#8243; _builder_version=&#8221;4.20.2&#8243; _module_preset=&#8221;default&#8221; background_color=&#8221;RGBA(255,255,255,0)&#8221; background_enable_image=&#8221;off&#8221; background_enable_video_webm=&#8221;off&#8221; custom_padding=&#8221;||||false|false&#8221; locked=&#8221;off&#8221; global_colors_info=&#8221;{}&#8221;][et_pb_row _builder_version=&#8221;4.20.2&#8243; _module_preset=&#8221;default&#8221; width=&#8221;90%&#8221; max_width=&#8221;1400px&#8221; custom_margin=&#8221;0px||0px||true|false&#8221; custom_padding=&#8221;0px||0px||true|false&#8221; global_colors_info=&#8221;{}&#8221;][et_pb_column type=&#8221;4_4&#8243; _builder_version=&#8221;4.20.2&#8243; _module_preset=&#8221;default&#8221; global_colors_info=&#8221;{}&#8221;][dsm_breadcrumbs home_text=&#8221;Accueil&#8221; separator_icon=&#8221;&#x39;||divi||400&#8243; separator_bg_color=&#8221;RGBA(255,255,255,0)&#8221; current_bg_color=&#8221;RGBA(255,255,255,0)&#8221; _builder_version=&#8221;4.20.2&#8243; _module_preset=&#8221;default&#8221; items_text_color=&#8221;#323232&#8243; items_font_size=&#8221;15px&#8221; home_icon_text_color=&#8221;#323232&#8243; separators_text_color=&#8221;#323232&#8243; current_text_color=&#8221;#323232&#8243; current_font_size=&#8221;15px&#8221; global_colors_info=&#8221;{}&#8221;][\/dsm_breadcrumbs][et_pb_text _builder_version=&#8221;4.20.2&#8243; _module_preset=&#8221;default&#8221; header_font_size=&#8221;50px&#8221; header_2_font=&#8221;Rubik|300|||||||&#8221; header_2_font_size=&#8221;40px&#8221; custom_margin=&#8221;0px||20px||false|false&#8221; custom_padding=&#8221;0px||0px||false|false&#8221; global_colors_info=&#8221;{}&#8221;]<\/p>\n<h2><strong>Salon des Maires 2025 Photo Library<\/strong><\/h2>\n<h2>Officials<\/h2>\n<p>[\/et_pb_text][\/et_pb_column][\/et_pb_row][et_pb_row column_structure=&#8221;1_3,1_3,1_3&#8243; use_custom_gutter=&#8221;on&#8221; gutter_width=&#8221;2&#8243; _builder_version=&#8221;4.20.2&#8243; _module_preset=&#8221;default&#8221; width=&#8221;90%&#8221; max_width=&#8221;1400px&#8221; global_colors_info=&#8221;{}&#8221;][et_pb_column type=&#8221;1_3&#8243; _builder_version=&#8221;4.20.2&#8243; _module_preset=&#8221;default&#8221; global_colors_info=&#8221;{}&#8221;][et_pb_image src=&#8221;https:\/\/www.salondesmaires.com\/app\/uploads\/2025\/12\/Marina-Ferrari-scaled.jpg&#8221; alt=&#8221;Agn\u00e8s Pannier-Runacher, Ministre de la Transition \u00e9cologique, de l&#8217;\u00e9nergie, du climat et de la pr\u00e9vention des risques&#8221; title_text=&#8221;Marina Ferrari&#8221; _builder_version=&#8221;4.20.2&#8243; _module_preset=&#8221;default&#8221; global_colors_info=&#8221;{}&#8221;][\/et_pb_image][et_pb_text _builder_version=&#8221;4.20.2&#8243; _module_preset=&#8221;default&#8221; global_colors_info=&#8221;{}&#8221;]<\/p>\n<p>Marina Ferrari, Minister of Sports, Youth and Community Life\u00a0<\/p>\n<p>[\/et_pb_text][et_pb_image src=&#8221;https:\/\/www.salondesmaires.com\/app\/uploads\/2025\/12\/edgar-grospiron-scaled.jpg&#8221; alt=&#8221;Genevi\u00e8ve Darrieussecq, Ministre de la sant\u00e9 et de l&#8217;acc\u00e8s aux soins&#8221; title_text=&#8221;edgar grospiron&#8221; _builder_version=&#8221;4.20.2&#8243; _module_preset=&#8221;default&#8221; global_colors_info=&#8221;{}&#8221;][\/et_pb_image][et_pb_text _builder_version=&#8221;4.20.2&#8243; _module_preset=&#8221;default&#8221; global_colors_info=&#8221;{}&#8221;]<\/p>\n<p>Edgar Grospiron, President of the French Alps 2030 OCOG\u00a0<\/p>\n<p>[\/et_pb_text][et_pb_image src=&#8221;https:\/\/www.salondesmaires.com\/app\/uploads\/2025\/12\/Elisabteh-borne-scaled.jpg&#8221; alt=&#8221;Genevi\u00e8ve Darrieussecq, Ministre de la sant\u00e9 et de l&#8217;acc\u00e8s aux soins&#8221; title_text=&#8221;Elisabteh borne&#8221; _builder_version=&#8221;4.20.2&#8243; _module_preset=&#8221;default&#8221; global_colors_info=&#8221;{}&#8221;][\/et_pb_image][et_pb_text _builder_version=&#8221;4.20.2&#8243; _module_preset=&#8221;default&#8221; global_colors_info=&#8221;{}&#8221;]<\/p>\n<p>Elisabeth Borne,female Member of Parliament<\/p>\n<p>[\/et_pb_text][et_pb_image src=&#8221;https:\/\/www.salondesmaires.com\/app\/uploads\/2025\/12\/Vincent-Jean-Brun-scaled.jpg&#8221; alt=&#8221;Paul Christophe, Ministre des solidarit\u00e9s, de l&#8217;autonomie et de l&#8217;\u00e9galit\u00e9 entre les femmes et les hommes&#8221; title_text=&#8221;Vincent Jean Brun&#8221; _builder_version=&#8221;4.20.2&#8243; _module_preset=&#8221;default&#8221; global_colors_info=&#8221;{}&#8221;][\/et_pb_image][et_pb_text _builder_version=&#8221;4.20.2&#8243; _module_preset=&#8221;default&#8221; global_colors_info=&#8221;{}&#8221;]<\/p>\n<p>Vincent Jeanbrun, Minister for Cities and Housing\u00a0<\/p>\n<p>[\/et_pb_text][et_pb_image src=&#8221;https:\/\/www.salondesmaires.com\/app\/uploads\/2025\/12\/David-lisanrd-scaled.jpg&#8221; alt=&#8221;Gil Av\u00e9rous, Ministre des sports, de la jeunesse et de la vie associative&#8221; title_text=&#8221;David lisanrd&#8221; _builder_version=&#8221;4.20.2&#8243; _module_preset=&#8221;default&#8221; global_colors_info=&#8221;{}&#8221;][\/et_pb_image][et_pb_text _builder_version=&#8221;4.20.2&#8243; _module_preset=&#8221;default&#8221; global_colors_info=&#8221;{}&#8221;]<\/p>\n<p>David Lisnard, President of the AMF and Mayor of Cannes\u00a0<\/p>\n<p>[\/et_pb_text][et_pb_image src=&#8221;https:\/\/www.salondesmaires.com\/app\/uploads\/2025\/12\/Edouard-philippe-scaled.jpg&#8221; alt=&#8221;Olga GIvernet, Ministre d\u00e9l\u00e9gu\u00e9e charg\u00e9e de l&#8217;\u00e9nergie&#8221; title_text=&#8221;Edouard philippe&#8221; _builder_version=&#8221;4.20.2&#8243; _module_preset=&#8221;default&#8221; global_colors_info=&#8221;{}&#8221;][\/et_pb_image][et_pb_text _builder_version=&#8221;4.20.2&#8243; _module_preset=&#8221;default&#8221; global_colors_info=&#8221;{}&#8221;]<\/p>\n<p>\u00c9douard Philippe, Mayor of Le Havre<\/p>\n<p>[\/et_pb_text][et_pb_image src=&#8221;https:\/\/www.salondesmaires.com\/app\/uploads\/2025\/12\/michel-fournier-scaled.jpg&#8221; alt=&#8221;Christian Estrosi, Maire de Nice&#8221; title_text=&#8221;michel fournier&#8221; _builder_version=&#8221;4.20.2&#8243; _module_preset=&#8221;default&#8221; global_colors_info=&#8221;{}&#8221;][\/et_pb_image][et_pb_text _builder_version=&#8221;4.20.2&#8243; _module_preset=&#8221;default&#8221; global_colors_info=&#8221;{}&#8221;]<\/p>\n<p>Michel Fournier, Minister Delegate for Rural Affairs<\/p>\n<p>[\/et_pb_text][\/et_pb_column][et_pb_column type=&#8221;1_3&#8243; _builder_version=&#8221;4.20.2&#8243; _module_preset=&#8221;default&#8221; global_colors_info=&#8221;{}&#8221;][et_pb_image src=&#8221;https:\/\/www.salondesmaires.com\/app\/uploads\/2025\/12\/Jean-Pierre-farandou-scaled.jpg&#8221; alt=&#8221;David Lisnard, Pr\u00e9sident de l\u2019AMF et maire de Cannes&#8221; title_text=&#8221;Jean Pierre farandou&#8221; _builder_version=&#8221;4.20.2&#8243; _module_preset=&#8221;default&#8221; global_colors_info=&#8221;{}&#8221;][\/et_pb_image][et_pb_text _builder_version=&#8221;4.20.2&#8243; _module_preset=&#8221;default&#8221; global_colors_info=&#8221;{}&#8221;]<\/p>\n<p>Jean-Pierre Farandou, Minister of Labour and Solidarity<\/p>\n<p>[\/et_pb_text][et_pb_image src=&#8221;https:\/\/www.salondesmaires.com\/app\/uploads\/2025\/12\/Charlotte-PARMENTIER-LECOCQ-scaled.jpg&#8221; alt=&#8221;David Lisnard, Pr\u00e9sident de l\u2019AMF et maire de Cannes&#8221; title_text=&#8221;Charlotte PARMENTIER LECOCQ&#8221; _builder_version=&#8221;4.20.2&#8243; _module_preset=&#8221;default&#8221; global_colors_info=&#8221;{}&#8221;][\/et_pb_image][et_pb_text _builder_version=&#8221;4.20.2&#8243; _module_preset=&#8221;default&#8221; global_colors_info=&#8221;{}&#8221;]<\/p>\n<p>Charlotte Parmentier Lecoq, Minister Delegate for People with Disabilities<\/p>\n<p>[\/et_pb_text][et_pb_image src=&#8221;https:\/\/www.salondesmaires.com\/app\/uploads\/2025\/12\/serge-papin-scaled.jpg&#8221; alt=&#8221;David Lisnard, Pr\u00e9sident de l\u2019AMF et maire de Cannes&#8221; title_text=&#8221;serge papin&#8221; _builder_version=&#8221;4.20.2&#8243; _module_preset=&#8221;default&#8221; global_colors_info=&#8221;{}&#8221;][\/et_pb_image][et_pb_text _builder_version=&#8221;4.20.2&#8243; _module_preset=&#8221;default&#8221; global_colors_info=&#8221;{}&#8221;]<\/p>\n<p>Serge Papin, Minister for Small and Medium\u2011Sized Enterprises, Trade, Tourism and Purchasing Power\u00a0<\/p>\n<p>[\/et_pb_text][et_pb_image src=&#8221;https:\/\/www.salondesmaires.com\/app\/uploads\/2025\/12\/Mathieu-lefevre-scaled.jpg&#8221; alt=&#8221;Paul Christophe, Ministre des solidarit\u00e9s, de l&#8217;autonomie et de l&#8217;\u00e9galit\u00e9 entre les femmes et les hommes&#8221; title_text=&#8221;Mathieu lefevre&#8221; _builder_version=&#8221;4.20.2&#8243; _module_preset=&#8221;default&#8221; global_colors_info=&#8221;{}&#8221;][\/et_pb_image][et_pb_text _builder_version=&#8221;4.20.2&#8243; _module_preset=&#8221;default&#8221; global_colors_info=&#8221;{}&#8221;]<\/p>\n<p>\u00a0Mathieu Lefevre, Minister Delegate for the Ecological Transition<\/p>\n<p>[\/et_pb_text][et_pb_image src=&#8221;https:\/\/www.salondesmaires.com\/app\/uploads\/2025\/12\/catherine-chabaud-scaled.jpg&#8221; alt=&#8221;Gil Av\u00e9rous, Ministre des sports, de la jeunesse et de la vie associative&#8221; title_text=&#8221;catherine chabaud&#8221; _builder_version=&#8221;4.20.2&#8243; _module_preset=&#8221;default&#8221; global_colors_info=&#8221;{}&#8221;][\/et_pb_image][et_pb_text _builder_version=&#8221;4.20.2&#8243; _module_preset=&#8221;default&#8221; global_colors_info=&#8221;{}&#8221;]<\/p>\n<p>Catherine Chabaud, Minister for the Sea and Fisheries\u00a0<\/p>\n<p>[\/et_pb_text][et_pb_image src=&#8221;https:\/\/www.salondesmaires.com\/app\/uploads\/2025\/12\/Gabriel-Attal-scaled.jpg&#8221; alt=&#8221;Olga GIvernet, Ministre d\u00e9l\u00e9gu\u00e9e charg\u00e9e de l&#8217;\u00e9nergie&#8221; title_text=&#8221;Gabriel Attal&#8221; _builder_version=&#8221;4.20.2&#8243; _module_preset=&#8221;default&#8221; global_colors_info=&#8221;{}&#8221;][\/et_pb_image][et_pb_text _builder_version=&#8221;4.20.2&#8243; _module_preset=&#8221;default&#8221; global_colors_info=&#8221;{}&#8221;]<\/p>\n<p>Gabriel Attal, Member of Parliament<\/p>\n<p>[\/et_pb_text][et_pb_image src=&#8221;https:\/\/www.salondesmaires.com\/app\/uploads\/2025\/12\/SMCL25_Officiels_\u252c\u00aeNicolasRodet_39-scaled.jpg&#8221; alt=&#8221;Othman Nasrou, Secr\u00e9taire d&#8217;\u00e9tat charg\u00e9 de la citoyennet\u00e9 et de la lutte contre les discrimination&#8221; title_text=&#8221;SMCL25_Officiels_\u252c\u00aeNicolasRodet_39&#8243; _builder_version=&#8221;4.20.2&#8243; _module_preset=&#8221;default&#8221; global_colors_info=&#8221;{}&#8221;][\/et_pb_image][et_pb_text _builder_version=&#8221;4.20.2&#8243; _module_preset=&#8221;default&#8221; global_colors_info=&#8221;{}&#8221;]<\/p>\n<p>Benjamin Haddad, Minister for European Affairs\u00a0<\/p>\n<p>[\/et_pb_text][\/et_pb_column][et_pb_column type=&#8221;1_3&#8243; _builder_version=&#8221;4.20.2&#8243; _module_preset=&#8221;default&#8221; global_colors_info=&#8221;{}&#8221;][et_pb_image src=&#8221;https:\/\/www.salondesmaires.com\/app\/uploads\/2025\/12\/Francois-Hollande-scaled.jpg&#8221; alt=&#8221;David Lisnard, Pr\u00e9sident de l\u2019AMF et maire de Cannes et Edouard Philippe, Maire du Havre&#8221; title_text=&#8221;Francois Hollande&#8221; _builder_version=&#8221;4.20.2&#8243; _module_preset=&#8221;default&#8221; global_colors_info=&#8221;{}&#8221;][\/et_pb_image][et_pb_text _builder_version=&#8221;4.20.2&#8243; _module_preset=&#8221;default&#8221; global_colors_info=&#8221;{}&#8221;]<\/p>\n<p>Fran\u00e7ois Hollande, Member of Parliament for Corr\u00e8ze and Former President of the Republic<\/p>\n<p>[\/et_pb_text][et_pb_image src=&#8221;https:\/\/www.salondesmaires.com\/app\/uploads\/2025\/12\/michel-barnier-scaled.jpg&#8221; alt=&#8221;David Lisnard, Pr\u00e9sident de l\u2019AMF et maire de Cannes et Edouard Philippe, Maire du Havre&#8221; title_text=&#8221;michel barnier&#8221; _builder_version=&#8221;4.20.2&#8243; _module_preset=&#8221;default&#8221; global_colors_info=&#8221;{}&#8221;][\/et_pb_image][et_pb_text _builder_version=&#8221;4.20.2&#8243; _module_preset=&#8221;default&#8221; global_colors_info=&#8221;{}&#8221;]<\/p>\n<p>Michel Barnier, Member of Parliament for Paris\u00a0<\/p>\n<p>[\/et_pb_text][et_pb_image src=&#8221;https:\/\/www.salondesmaires.com\/app\/uploads\/2025\/12\/yael-braun-pivet-scaled.jpg&#8221; alt=&#8221;Catherine Vautrin, Ministre du partenariat avec les territoires et de la d\u00e9centralisation&#8221; title_text=&#8221;yael braun pivet&#8221; _builder_version=&#8221;4.20.2&#8243; _module_preset=&#8221;default&#8221; global_colors_info=&#8221;{}&#8221;][\/et_pb_image][et_pb_text _builder_version=&#8221;4.20.2&#8243; _module_preset=&#8221;default&#8221; global_colors_info=&#8221;{}&#8221;]<\/p>\n<p>Ya\u00ebl Braun\u2011Pivet, President of the National Assembly\u00a0<\/p>\n<p>[\/et_pb_text][et_pb_image src=&#8221;https:\/\/www.salondesmaires.com\/app\/uploads\/2025\/12\/francoise-gatel-scaled.jpg&#8221; alt=&#8221;Catherine Vautrin, Ministre du partenariat avec les territoires et de la d\u00e9centralisation&#8221; title_text=&#8221;fran\u00e7oise gatel&#8221; _builder_version=&#8221;4.20.2&#8243; _module_preset=&#8221;default&#8221; global_colors_info=&#8221;{}&#8221;][\/et_pb_image][et_pb_text _builder_version=&#8221;4.20.2&#8243; _module_preset=&#8221;default&#8221; global_colors_info=&#8221;{}&#8221;]<\/p>\n<p>Fran\u00e7oise Gatel, Minister for Territorial Planning and Decentralisation<\/p>\n<p>[\/et_pb_text][et_pb_image src=&#8221;https:\/\/www.salondesmaires.com\/app\/uploads\/2025\/12\/laurent-panifous-scaled.jpg&#8221; alt=&#8221;Charlotte Parmentier-Lecocq, Ministre d\u00e9l\u00e9gu\u00e9e charg\u00e9e des personnes en situation de handicap&#8221; title_text=&#8221;laurent panifous&#8221; _builder_version=&#8221;4.20.2&#8243; _module_preset=&#8221;default&#8221; global_colors_info=&#8221;{}&#8221;][\/et_pb_image][et_pb_text _builder_version=&#8221;4.20.2&#8243; _module_preset=&#8221;default&#8221; global_colors_info=&#8221;{}&#8221;]<\/p>\n<p>Laurent Panifous, Minister Delegate to the Prime Minister, in charge of Relations with Parliament<\/p>\n<p>[\/et_pb_text][\/et_pb_column][\/et_pb_row][et_pb_row _builder_version=&#8221;4.20.2&#8243; _module_preset=&#8221;default&#8221; custom_margin=&#8221;0px||0px||true|false&#8221; custom_padding=&#8221;0px||0px||true|false&#8221; global_colors_info=&#8221;{}&#8221;][et_pb_column type=&#8221;4_4&#8243; _builder_version=&#8221;4.20.2&#8243; _module_preset=&#8221;default&#8221; global_colors_info=&#8221;{}&#8221;][et_pb_button button_url=&#8221;@ET-DC@eyJkeW5hbWljIjp0cnVlLCJjb250ZW50IjoicG9zdF9saW5rX3VybF9wYWdlIiwic2V0dGluZ3MiOnsicG9zdF9pZCI6IjMzNzUyIn19@&#8221; button_text=&#8221;See other topics&#8221; button_alignment=&#8221;center&#8221; module_class=&#8221;et_pb_button-black&#8221; _builder_version=&#8221;4.20.2&#8243; _dynamic_attributes=&#8221;button_url&#8221; _module_preset=&#8221;default&#8221; custom_button=&#8221;on&#8221; button_text_size=&#8221;22px&#8221; button_text_color=&#8221;#3e3f3f&#8221; button_bg_color=&#8221;#F7C05E&#8221; button_border_width=&#8221;0px&#8221; button_border_radius=&#8221;10px&#8221; button_font=&#8221;Rubik|300|||||||&#8221; button_icon=&#8221;&#x24;||divi||400&#8243; button_on_hover=&#8221;off&#8221; custom_margin=&#8221;20px||||false|false&#8221; custom_padding=&#8221;10px||10px||true|false&#8221; hover_enabled=&#8221;0&#8243; button_text_size_tablet=&#8221;18px&#8221; button_text_size_phone=&#8221;16px&#8221; button_text_size_last_edited=&#8221;on|desktop&#8221; global_colors_info=&#8221;{}&#8221; button_bg_enable_color=&#8221;on&#8221; sticky_enabled=&#8221;0&#8243;][\/et_pb_button][et_pb_text _builder_version=&#8221;4.20.2&#8243; _module_preset=&#8221;default&#8221; text_font=&#8221;Rubik||||||||&#8221; text_text_color=&#8221;#323232&#8243; text_font_size=&#8221;20px&#8221; header_3_font_size=&#8221;20px&#8221; text_orientation=&#8221;center&#8221; width=&#8221;71%&#8221; module_alignment=&#8221;center&#8221; custom_margin=&#8221;||||false|false&#8221; custom_padding=&#8221;5px||5px||true|false&#8221; global_colors_info=&#8221;{}&#8221;]<\/p>\n<p style=\"text-align: center;\"><strong><\/strong><\/p>\n<div>\n<p><strong>Are you a journalist and would like to obtain a high\u2011definition version or access more photos?<\/strong><\/p>\n<p><strong>Contact Naskas<\/strong><strong>: <span style=\"text-decoration: underline;\"><a href=\"mailto:maelle@naskas-rp.com\" data-protectedlink=\"1\">maelle@naskas-rp.com<\/a><\/span><\/strong><\/p>\n<\/div>\n<p>&nbsp;<\/p>\n<p>[\/et_pb_text][\/et_pb_column][\/et_pb_row][\/et_pb_section]<\/p>\n","protected":false},"excerpt":{"rendered":"<p><div class=\"et_pb_module dsm_breadcrumbs dsm_breadcrumbs_0\">\n\t\t\t\t\n\t\t\t\t\n\t\t\t\t\n\t\t\t\t\n\t\t\t\t\n\t\t\t\t\n\t\t\t\t<div class=\"et_pb_module_inner\">\n\t\t\t\t\t<nav class=\"dsm_breadcrumbs_wrap\">\n\t\t\t\t<ul class=\"dsm_breadcrumbs\" itemscope itemtype=\"https:\/\/schema.org\/BreadcrumbList\">\t\t\t<li class=\"dsm_breadcrumbs_item dsm_home_item dsm_home_item_custom\" itemprop=\"itemListElement\" itemscope\n\t\t\titemtype=\"https:\/\/schema.org\/ListItem\">\n\t\t\t\t<a href=\"https:\/\/www.salondesmaires.com\/en\/\" itemprop=\"item\" target=\"\">\n\t\t\t\t\t<span class='dsm_home_text_wrapper'>\n\t\t\t\t\t\t\t\t\t\t\t\t\t<span class=\"et-pb-icon dsm_home_icon\">\ue009<\/span>\n\t\t\t\t\t\t\t\t\t\t\t\t\t<span class=\"dsm_home_text\" itemprop=\"name\">\n\t\t\t\t\t\t\t\tAccueil\t\t\t\t\t\t\t<\/span>\n\t\t\t\t\t<\/span>\n\t\t\t\t<\/a>\n\t\t\t\t<meta itemprop=\"position\" content=\"1\" \/>\n\t\t\t<\/li>\n\n\t\t<li class=\"dsm_breadcrumbs_separator\"> <span class=\"et-pb-icon dsm_separator_icon\">&#x39;<\/span><\/li><\/ul>\n\t\t\t<\/nav>\n\t\t\t\t<\/div>\n\t\t\t<\/div>Salon des Maires 2025 Photo Library OfficialsMarina Ferrari, Minister of Sports, Youth and Community Life\u00a0Edgar Grospiron, President of the French Alps 2030 OCOG\u00a0Elisabeth Borne,female Member of ParliamentVincent Jeanbrun, Minister for Cities and Housing\u00a0David Lisnard, President of the AMF and Mayor of Cannes\u00a0\u00c9douard Philippe, Mayor of Le HavreMichel Fournier, Minister Delegate for Rural AffairsJean-Pierre Farandou, Minister of Labour and SolidarityCharlotte Parmentier Lecoq, Minister Delegate for People with DisabilitiesSerge Papin, Minister for Small and Medium\u2011Sized Enterprises, Trade, Tourism and Purchasing Power\u00a0\u00a0Mathieu Lefevre, Minister Delegate for the Ecological TransitionCatherine Chabaud, Minister for the Sea and Fisheries\u00a0Gabriel Attal, Member of ParliamentBenjamin Haddad, Minister for European Affairs\u00a0Fran\u00e7ois Hollande, Member of Parliament for Corr\u00e8ze and Former President of the RepublicMichel Barnier, Member of Parliament for Paris\u00a0Ya\u00ebl Braun\u2011Pivet, President of the National Assembly\u00a0Fran\u00e7oise Gatel, Minister for Territorial Planning and DecentralisationLaurent Panifous, Minister Delegate to the Prime Minister, in charge of Relations with Parliament Are you a journalist and would like to obtain a high\u2011definition version or access more photos? Contact Naskas: maelle@naskas-rp.com &nbsp;<\/p>\n","protected":false},"author":14,"featured_media":33681,"parent":33752,"menu_order":0,"comment_status":"closed","ping_status":"closed","template":"","meta":{"_acf_changed":false,"_et_pb_use_builder":"on","_et_pb_old_content":"","_et_gb_content_width":"","inline_featured_image":false,"footnotes":""},"class_list":["post-35183","page","type-page","status-publish","has-post-thumbnail","hentry"],"acf":[],"yoast_head":"<!-- This site is optimized with the Yoast SEO plugin v26.3 - https:\/\/yoast.com\/wordpress\/plugins\/seo\/ -->\n<title>Official visits - Salon des maires<\/title>\n<meta name=\"robots\" content=\"index, follow, max-snippet:-1, max-image-preview:large, max-video-preview:-1\" \/>\n<link rel=\"canonical\" href=\"https:\/\/www.salondesmaires.com\/en\/medias\/photo-library-2025\/official-visits\/\" \/>\n<meta property=\"og:locale\" content=\"en_US\" \/>\n<meta property=\"og:type\" content=\"article\" \/>\n<meta property=\"og:title\" content=\"Official visits - Salon des maires\" \/>\n<meta property=\"og:description\" content=\"Salon des Maires 2025 Photo Library OfficialsMarina Ferrari, Minister of Sports, Youth and Community Life\u00a0Edgar Grospiron, President of the French Alps 2030 OCOG\u00a0Elisabeth Borne,female Member of ParliamentVincent Jeanbrun, Minister for Cities and Housing\u00a0David Lisnard, President of the AMF and Mayor of Cannes\u00a0\u00c9douard Philippe, Mayor of Le HavreMichel Fournier, Minister Delegate for Rural AffairsJean-Pierre Farandou, Minister of Labour and SolidarityCharlotte Parmentier Lecoq, Minister Delegate for People with DisabilitiesSerge Papin, Minister for Small and Medium\u2011Sized Enterprises, Trade, Tourism and Purchasing Power\u00a0\u00a0Mathieu Lefevre, Minister Delegate for the Ecological TransitionCatherine Chabaud, Minister for the Sea and Fisheries\u00a0Gabriel Attal, Member of ParliamentBenjamin Haddad, Minister for European Affairs\u00a0Fran\u00e7ois Hollande, Member of Parliament for Corr\u00e8ze and Former President of the RepublicMichel Barnier, Member of Parliament for Paris\u00a0Ya\u00ebl Braun\u2011Pivet, President of the National Assembly\u00a0Fran\u00e7oise Gatel, Minister for Territorial Planning and DecentralisationLaurent Panifous, Minister Delegate to the Prime Minister, in charge of Relations with Parliament Are you a journalist and would like to obtain a high\u2011definition version or access more photos? Contact Naskas: maelle@naskas-rp.com &nbsp;\" \/>\n<meta property=\"og:url\" content=\"https:\/\/www.salondesmaires.com\/en\/medias\/photo-library-2025\/official-visits\/\" \/>\n<meta property=\"og:site_name\" content=\"Salon des maires\" \/>\n<meta property=\"article:modified_time\" content=\"2026-02-17T09:25:31+00:00\" \/>\n<meta property=\"og:image\" content=\"https:\/\/www.salondesmaires.com\/app\/uploads\/2025\/12\/Elisabteh-borne-scaled.jpg\" \/>\n\t<meta property=\"og:image:width\" content=\"2560\" \/>\n\t<meta property=\"og:image:height\" content=\"1707\" \/>\n\t<meta property=\"og:image:type\" content=\"image\/jpeg\" \/>\n<meta name=\"twitter:card\" content=\"summary_large_image\" \/>\n<meta name=\"twitter:label1\" content=\"Est. reading time\" \/>\n\t<meta name=\"twitter:data1\" content=\"5 minutes\" \/>\n<script type=\"application\/ld+json\" class=\"yoast-schema-graph\">{\"@context\":\"https:\/\/schema.org\",\"@graph\":[{\"@type\":\"WebPage\",\"@id\":\"https:\/\/www.salondesmaires.com\/en\/medias\/photo-library-2025\/official-visits\/\",\"url\":\"https:\/\/www.salondesmaires.com\/en\/medias\/photo-library-2025\/official-visits\/\",\"name\":\"Official visits - Salon des maires\",\"isPartOf\":{\"@id\":\"https:\/\/www.salondesmaires.com\/#website\"},\"primaryImageOfPage\":{\"@id\":\"https:\/\/www.salondesmaires.com\/en\/medias\/photo-library-2025\/official-visits\/#primaryimage\"},\"image\":{\"@id\":\"https:\/\/www.salondesmaires.com\/en\/medias\/photo-library-2025\/official-visits\/#primaryimage\"},\"thumbnailUrl\":\"https:\/\/www.salondesmaires.com\/app\/uploads\/2025\/12\/Elisabteh-borne-scaled.jpg\",\"datePublished\":\"2025-12-22T16:27:27+00:00\",\"dateModified\":\"2026-02-17T09:25:31+00:00\",\"breadcrumb\":{\"@id\":\"https:\/\/www.salondesmaires.com\/en\/medias\/photo-library-2025\/official-visits\/#breadcrumb\"},\"inLanguage\":\"en-US\",\"potentialAction\":[{\"@type\":\"ReadAction\",\"target\":[\"https:\/\/www.salondesmaires.com\/en\/medias\/photo-library-2025\/official-visits\/\"]}]},{\"@type\":\"ImageObject\",\"inLanguage\":\"en-US\",\"@id\":\"https:\/\/www.salondesmaires.com\/en\/medias\/photo-library-2025\/official-visits\/#primaryimage\",\"url\":\"https:\/\/www.salondesmaires.com\/app\/uploads\/2025\/12\/Elisabteh-borne-scaled.jpg\",\"contentUrl\":\"https:\/\/www.salondesmaires.com\/app\/uploads\/2025\/12\/Elisabteh-borne-scaled.jpg\",\"width\":2560,\"height\":1707},{\"@type\":\"BreadcrumbList\",\"@id\":\"https:\/\/www.salondesmaires.com\/en\/medias\/photo-library-2025\/official-visits\/#breadcrumb\",\"itemListElement\":[{\"@type\":\"ListItem\",\"position\":1,\"name\":\"Home\",\"item\":\"https:\/\/www.salondesmaires.com\/\"},{\"@type\":\"ListItem\",\"position\":2,\"name\":\"Medias\",\"item\":\"https:\/\/www.salondesmaires.com\/en\/medias\/\"},{\"@type\":\"ListItem\",\"position\":3,\"name\":\"Photo Library 2025\",\"item\":\"https:\/\/www.salondesmaires.com\/en\/medias\/photo-library-2025\/\"},{\"@type\":\"ListItem\",\"position\":4,\"name\":\"Official visits\"}]},{\"@type\":\"WebSite\",\"@id\":\"https:\/\/www.salondesmaires.com\/#website\",\"url\":\"https:\/\/www.salondesmaires.com\/\",\"name\":\"Salon des Maires et des Collectivit\u00e9s locales\",\"description\":\"Le Meilleur en Commun\",\"publisher\":{\"@id\":\"https:\/\/www.salondesmaires.com\/#organization\"},\"alternateName\":\"Salon des Maires\",\"potentialAction\":[{\"@type\":\"SearchAction\",\"target\":{\"@type\":\"EntryPoint\",\"urlTemplate\":\"https:\/\/www.salondesmaires.com\/?s={search_term_string}\"},\"query-input\":{\"@type\":\"PropertyValueSpecification\",\"valueRequired\":true,\"valueName\":\"search_term_string\"}}],\"inLanguage\":\"en-US\"},{\"@type\":\"Organization\",\"@id\":\"https:\/\/www.salondesmaires.com\/#organization\",\"name\":\"Salon des maires et des Collectivit\u00e9s locales\",\"url\":\"https:\/\/www.salondesmaires.com\/\",\"logo\":{\"@type\":\"ImageObject\",\"inLanguage\":\"en-US\",\"@id\":\"https:\/\/www.salondesmaires.com\/#\/schema\/logo\/image\/\",\"url\":\"https:\/\/www.salondesmaires.com\/app\/uploads\/2024\/07\/SMCL.jpg\",\"contentUrl\":\"https:\/\/www.salondesmaires.com\/app\/uploads\/2024\/07\/SMCL.jpg\",\"width\":300,\"height\":103,\"caption\":\"Salon des maires et des Collectivit\u00e9s locales\"},\"image\":{\"@id\":\"https:\/\/www.salondesmaires.com\/#\/schema\/logo\/image\/\"}}]}<\/script>\n<!-- \/ Yoast SEO plugin. -->","yoast_head_json":{"title":"Official visits - Salon des maires","robots":{"index":"index","follow":"follow","max-snippet":"max-snippet:-1","max-image-preview":"max-image-preview:large","max-video-preview":"max-video-preview:-1"},"canonical":"https:\/\/www.salondesmaires.com\/en\/medias\/photo-library-2025\/official-visits\/","og_locale":"en_US","og_type":"article","og_title":"Official visits - Salon des maires","og_description":"Salon des Maires 2025 Photo Library OfficialsMarina Ferrari, Minister of Sports, Youth and Community Life\u00a0Edgar Grospiron, President of the French Alps 2030 OCOG\u00a0Elisabeth Borne,female Member of ParliamentVincent Jeanbrun, Minister for Cities and Housing\u00a0David Lisnard, President of the AMF and Mayor of Cannes\u00a0\u00c9douard Philippe, Mayor of Le HavreMichel Fournier, Minister Delegate for Rural AffairsJean-Pierre Farandou, Minister of Labour and SolidarityCharlotte Parmentier Lecoq, Minister Delegate for People with DisabilitiesSerge Papin, Minister for Small and Medium\u2011Sized Enterprises, Trade, Tourism and Purchasing Power\u00a0\u00a0Mathieu Lefevre, Minister Delegate for the Ecological TransitionCatherine Chabaud, Minister for the Sea and Fisheries\u00a0Gabriel Attal, Member of ParliamentBenjamin Haddad, Minister for European Affairs\u00a0Fran\u00e7ois Hollande, Member of Parliament for Corr\u00e8ze and Former President of the RepublicMichel Barnier, Member of Parliament for Paris\u00a0Ya\u00ebl Braun\u2011Pivet, President of the National Assembly\u00a0Fran\u00e7oise Gatel, Minister for Territorial Planning and DecentralisationLaurent Panifous, Minister Delegate to the Prime Minister, in charge of Relations with Parliament Are you a journalist and would like to obtain a high\u2011definition version or access more photos? Contact Naskas: maelle@naskas-rp.com &nbsp;","og_url":"https:\/\/www.salondesmaires.com\/en\/medias\/photo-library-2025\/official-visits\/","og_site_name":"Salon des maires","article_modified_time":"2026-02-17T09:25:31+00:00","og_image":[{"width":2560,"height":1707,"url":"https:\/\/www.salondesmaires.com\/app\/uploads\/2025\/12\/Elisabteh-borne-scaled.jpg","type":"image\/jpeg"}],"twitter_card":"summary_large_image","twitter_misc":{"Est. reading time":"5 minutes"},"schema":{"@context":"https:\/\/schema.org","@graph":[{"@type":"WebPage","@id":"https:\/\/www.salondesmaires.com\/en\/medias\/photo-library-2025\/official-visits\/","url":"https:\/\/www.salondesmaires.com\/en\/medias\/photo-library-2025\/official-visits\/","name":"Official visits - Salon des maires","isPartOf":{"@id":"https:\/\/www.salondesmaires.com\/#website"},"primaryImageOfPage":{"@id":"https:\/\/www.salondesmaires.com\/en\/medias\/photo-library-2025\/official-visits\/#primaryimage"},"image":{"@id":"https:\/\/www.salondesmaires.com\/en\/medias\/photo-library-2025\/official-visits\/#primaryimage"},"thumbnailUrl":"https:\/\/www.salondesmaires.com\/app\/uploads\/2025\/12\/Elisabteh-borne-scaled.jpg","datePublished":"2025-12-22T16:27:27+00:00","dateModified":"2026-02-17T09:25:31+00:00","breadcrumb":{"@id":"https:\/\/www.salondesmaires.com\/en\/medias\/photo-library-2025\/official-visits\/#breadcrumb"},"inLanguage":"en-US","potentialAction":[{"@type":"ReadAction","target":["https:\/\/www.salondesmaires.com\/en\/medias\/photo-library-2025\/official-visits\/"]}]},{"@type":"ImageObject","inLanguage":"en-US","@id":"https:\/\/www.salondesmaires.com\/en\/medias\/photo-library-2025\/official-visits\/#primaryimage","url":"https:\/\/www.salondesmaires.com\/app\/uploads\/2025\/12\/Elisabteh-borne-scaled.jpg","contentUrl":"https:\/\/www.salondesmaires.com\/app\/uploads\/2025\/12\/Elisabteh-borne-scaled.jpg","width":2560,"height":1707},{"@type":"BreadcrumbList","@id":"https:\/\/www.salondesmaires.com\/en\/medias\/photo-library-2025\/official-visits\/#breadcrumb","itemListElement":[{"@type":"ListItem","position":1,"name":"Home","item":"https:\/\/www.salondesmaires.com\/"},{"@type":"ListItem","position":2,"name":"Medias","item":"https:\/\/www.salondesmaires.com\/en\/medias\/"},{"@type":"ListItem","position":3,"name":"Photo Library 2025","item":"https:\/\/www.salondesmaires.com\/en\/medias\/photo-library-2025\/"},{"@type":"ListItem","position":4,"name":"Official visits"}]},{"@type":"WebSite","@id":"https:\/\/www.salondesmaires.com\/#website","url":"https:\/\/www.salondesmaires.com\/","name":"Salon des Maires et des Collectivit\u00e9s locales","description":"Le Meilleur en Commun","publisher":{"@id":"https:\/\/www.salondesmaires.com\/#organization"},"alternateName":"Salon des Maires","potentialAction":[{"@type":"SearchAction","target":{"@type":"EntryPoint","urlTemplate":"https:\/\/www.salondesmaires.com\/?s={search_term_string}"},"query-input":{"@type":"PropertyValueSpecification","valueRequired":true,"valueName":"search_term_string"}}],"inLanguage":"en-US"},{"@type":"Organization","@id":"https:\/\/www.salondesmaires.com\/#organization","name":"Salon des maires et des Collectivit\u00e9s locales","url":"https:\/\/www.salondesmaires.com\/","logo":{"@type":"ImageObject","inLanguage":"en-US","@id":"https:\/\/www.salondesmaires.com\/#\/schema\/logo\/image\/","url":"https:\/\/www.salondesmaires.com\/app\/uploads\/2024\/07\/SMCL.jpg","contentUrl":"https:\/\/www.salondesmaires.com\/app\/uploads\/2024\/07\/SMCL.jpg","width":300,"height":103,"caption":"Salon des maires et des Collectivit\u00e9s locales"},"image":{"@id":"https:\/\/www.salondesmaires.com\/#\/schema\/logo\/image\/"}}]}},"_links":{"self":[{"href":"https:\/\/www.salondesmaires.com\/en\/wp-json\/wp\/v2\/pages\/35183","targetHints":{"allow":["GET"]}}],"collection":[{"href":"https:\/\/www.salondesmaires.com\/en\/wp-json\/wp\/v2\/pages"}],"about":[{"href":"https:\/\/www.salondesmaires.com\/en\/wp-json\/wp\/v2\/types\/page"}],"author":[{"embeddable":true,"href":"https:\/\/www.salondesmaires.com\/en\/wp-json\/wp\/v2\/users\/14"}],"replies":[{"embeddable":true,"href":"https:\/\/www.salondesmaires.com\/en\/wp-json\/wp\/v2\/comments?post=35183"}],"version-history":[{"count":7,"href":"https:\/\/www.salondesmaires.com\/en\/wp-json\/wp\/v2\/pages\/35183\/revisions"}],"predecessor-version":[{"id":35715,"href":"https:\/\/www.salondesmaires.com\/en\/wp-json\/wp\/v2\/pages\/35183\/revisions\/35715"}],"up":[{"embeddable":true,"href":"https:\/\/www.salondesmaires.com\/en\/wp-json\/wp\/v2\/pages\/33752"}],"wp:featuredmedia":[{"embeddable":true,"href":"https:\/\/www.salondesmaires.com\/en\/wp-json\/wp\/v2\/media\/33681"}],"wp:attachment":[{"href":"https:\/\/www.salondesmaires.com\/en\/wp-json\/wp\/v2\/media?parent=35183"}],"curies":[{"name":"wp","href":"https:\/\/api.w.org\/{rel}","templated":true}]}}